{"id":981,"date":"2015-06-27T17:15:15","date_gmt":"2015-06-27T15:15:15","guid":{"rendered":"http:\/\/www.pro-evologia.ch\/?page_id=981"},"modified":"2015-06-27T17:16:54","modified_gmt":"2015-06-27T15:16:54","slug":"le-val-de-ruz-une-region-pionniere","status":"publish","type":"page","link":"https:\/\/www.pro-evologia.ch\/?page_id=981","title":{"rendered":"Le Val-de-Ruz, une r\u00e9gion pionni\u00e8re"},"content":{"rendered":"<p>Pourquoi au Val-de-Ruz\u00a0? Un des d\u00e9clics qui a amorc\u00e9 la mise en place d\u2019un r\u00e9seau \u00e9cologique au Val-de-Ruz a \u00e9t\u00e9 l\u2019azur\u00e9 des paluds. Ce petit papillon discret a en effet vu ses populations quasiment dispara\u00eetre dans notre r\u00e9gion. Il \u00e9tait donc n\u00e9cessaire d\u2019agir.<\/p>\n<p>Dans le district, le Seyon et ses abords jouent un r\u00f4le essentiel d\u2019un point de vue paysager, mais \u00e9galement au niveau \u00e9cologique. C\u2019est majoritairement le long de ce cours d\u2019eau et de ses affluents que se trouvent les milieux naturels et semi-naturels de la vall\u00e9e. Voie privil\u00e9gi\u00e9e de d\u00e9placement pour les populations animales, le r\u00e9seau hydrographique repr\u00e9sente une v\u00e9ritable autoroute. En ce sens il constitue la colonne vert\u00e9brale du projet. EcoR\u00e9seaux Val-de-Ruz a pour objectif de renforcer le r\u00e9seau \u00e9cologique existant, articul\u00e9 autour du r\u00e9seau hydrographique (Seyon et affluents) et des milieux naturels associ\u00e9s (berges bois\u00e9es, zones de protection de captage, suintements, p\u00e2turages maigres, etc.). Il contribue \u00e9galement \u00e0 la pr\u00e9servation de la qualit\u00e9 des eaux, en limitant les \u00e9coulements d&rsquo;origine agricole (fertilisants et phytosanitaires) par la mise en place de surfaces exploit\u00e9es extensivement sur les berges des cours d&rsquo;eau.<\/p>\n<p>Ce projet est n\u00e9 d\u2019une volont\u00e9 politique de d\u00e9passer les habituels blocages entre protecteurs de la nature et agriculteurs et symbolise le fruit d\u2019une collaboration fructueuse entre les diff\u00e9rents milieux concern\u00e9s. Initi\u00e9 en 1997 sous l\u2019impulsion du CSCF (Centre Suisse de cartographie de la faune) en partenariat avec les associations de protection de la nature et les services concern\u00e9s, le projet re\u00e7oit ses premiers versements de contributions r\u00e9seau en 2001. Parmi les premi\u00e8res r\u00e9gions \u00e0 mettre en place une telle r\u00e9flexion, le Val-de-Ruz fait office de pionnier en la mati\u00e8re. Outre la pr\u00e9servation de l\u2019azur\u00e9 des paluds, le projet de r\u00e9seau vise \u00e9galement d\u2019autres populations de papillons diurnes li\u00e9s aux prairies de fauche ainsi que les oiseaux qui nichent dans les haies ou des mammif\u00e8res tels que li\u00e8vres ou hermines<\/p>\n<p>En 2014 l\u2019association EcoR\u00e9seau et Paysages Val-de-Ruz est cr\u00e9\u00e9e\u00a0; elle assure d\u00e9sormais le financement et la gestion du projet avec l\u2019aide de mandataires.<\/p>\n<p>Actuellement, 80 exploitations font partie du r\u00e9seau (sur 100 exploitations). C\u2019est donc environ 375 ha (530 terrains de foot) de SPB (10 % de la SAU) b\u00e9n\u00e9ficient d\u2019un total de CHF 253\u2019000.- de contributions r\u00e9seau en 2015.<\/p>\n<h4>Quelques exemples de mesures\u00a0:<\/h4>\n<p><em>Favoriser les esp\u00e8ces li\u00e9es aux prairies maigres humides ou s\u00e8ches<\/em><\/p>\n<ul>\n<li>Fauche tardive sur 10% de la surface, sans conditionneur ou sans ensilage<\/li>\n<li>Contribution r\u00e9seau max. de 1\u2019000.-\/ha<em><br \/>\n<\/em><\/li>\n<\/ul>\n<p><em>Favoriser les esp\u00e8ces li\u00e9es aux haies diversifi\u00e9es<\/em><\/p>\n<ul>\n<li>Entretien adapt\u00e9: haies \u00e9tag\u00e9es, diversifi\u00e9es, riches en buissons \u00e9pineux et \u00e0 petits fruits ; nouvelles plantations<\/li>\n<li>Contribution r\u00e9seau de 1\u2019000.-\/ha<\/li>\n<\/ul>\n<p>Apr\u00e8s bient\u00f4t 15 ans de mise en place, l\u2019EcoR\u00e9seau Val-de-Ruz a port\u00e9 ses fruits. Ainsi, la diversit\u00e9 des esp\u00e8ces de papillons de jour a augment\u00e9 en lien avec l\u2019amaigrissement des prairies. En effet, plus le sol est pauvre et plus il est possible de trouver des esp\u00e8ces de plantes diff\u00e9rentes, ce qui favorise par corollaire plus d\u2019animaux diff\u00e9rents. Cependant, il est n\u00e9cessaire que ces surfaces soient interconnect\u00e9es afin que les animaux puissent se d\u00e9placer et que les plantes via les graines puissent s\u2019y \u00e9tablir.<\/p>\n<p><strong>Enjeux pour la suite\u2026<\/strong><\/p>\n<p>Il s\u2019agit d\u2019un excellent outil pour la conservation des esp\u00e8ces, en synergie avec d\u2019autres approches conventionnelles telles que les r\u00e9serves naturelles \u2026 Bas\u00e9 sur une approche volontaire et incitative, ce programme est plut\u00f4t bien accept\u00e9 et gr\u00e2ce aux conseils personnalis\u00e9s, il s\u2019adapte au cas par cas pour un impact plus efficace. Mais il faut pour cela de la patience pour que les effets puissent \u00eatre visibles. C\u2019est pour cette raison que de telles mesures doivent \u00eatre ancr\u00e9es dans une politique d\u2019am\u00e9nagement du territoire sur les 3 \u00e9chelons (communal, cantonal et f\u00e9d\u00e9ral) et doivent \u00eatre coordonn\u00e9es sur une \u00e9chelle globale sur l\u2019ensemble du territoire en incluant les cantons limitrophes et la France.<\/p>\n<p>&nbsp;<\/p>\n","protected":false},"excerpt":{"rendered":"<p>Pourquoi au Val-de-Ruz\u00a0? Un des d\u00e9clics qui a amorc\u00e9 la mise en place d\u2019un r\u00e9seau \u00e9cologique au Val-de-Ruz a \u00e9t\u00e9 l\u2019azur\u00e9 des paluds. Ce petit papillon discret a en effet vu ses populations quasiment dispara\u00eetre dans notre r\u00e9gion. Il \u00e9tait donc n\u00e9cessaire d\u2019agir. Dans le district, le Seyon et ses abords jouent un r\u00f4le essentiel &#8230; <a title=\"Le Val-de-Ruz, une r\u00e9gion pionni\u00e8re\" class=\"read-more\" href=\"https:\/\/www.pro-evologia.ch\/?page_id=981\" aria-label=\"En savoir plus sur Le Val-de-Ruz, une r\u00e9gion pionni\u00e8re\">Read more<\/a><\/p>\n","protected":false},"author":1,"featured_media":0,"parent":814,"menu_order":1,"comment_status":"closed","ping_status":"closed","template":"","meta":{"ngg_post_thumbnail":0,"generate_page_header":"","footnotes":""},"class_list":["post-981","page","type-page","status-publish"],"yoast_head":"<!-- This site is optimized with the Yoast SEO plugin v27.5 - https:\/\/yoast.com\/product\/yoast-seo-wordpress\/ -->\n<title>Le Val-de-Ruz, une r\u00e9gion pionni\u00e8re &#8226; Association des amis d&#039;Evologia<\/title>\n<meta name=\"robots\" content=\"index, follow, max-snippet:-1, max-image-preview:large, max-video-preview:-1\" \/>\n<link rel=\"canonical\" href=\"https:\/\/www.pro-evologia.ch\/?page_id=981\" \/>\n<meta property=\"og:locale\" content=\"fr_FR\" \/>\n<meta property=\"og:type\" content=\"article\" \/>\n<meta property=\"og:title\" content=\"Le Val-de-Ruz, une r\u00e9gion pionni\u00e8re &#8226; Association des amis d&#039;Evologia\" \/>\n<meta property=\"og:description\" content=\"Pourquoi au Val-de-Ruz\u00a0? Un des d\u00e9clics qui a amorc\u00e9 la mise en place d\u2019un r\u00e9seau \u00e9cologique au Val-de-Ruz a \u00e9t\u00e9 l\u2019azur\u00e9 des paluds. Ce petit papillon discret a en effet vu ses populations quasiment dispara\u00eetre dans notre r\u00e9gion. Il \u00e9tait donc n\u00e9cessaire d\u2019agir. Dans le district, le Seyon et ses abords jouent un r\u00f4le essentiel ... Read more\" \/>\n<meta property=\"og:url\" content=\"https:\/\/www.pro-evologia.ch\/?page_id=981\" \/>\n<meta property=\"og:site_name\" content=\"Association des amis d&#039;Evologia\" \/>\n<meta property=\"article:publisher\" content=\"https:\/\/www.facebook.com\/proevologia\" \/>\n<meta property=\"article:modified_time\" content=\"2015-06-27T15:16:54+00:00\" \/>\n<meta property=\"og:image\" content=\"https:\/\/www.pro-evologia.ch\/wp-content\/uploads\/2015\/01\/Entete.jpg\" \/>\n\t<meta property=\"og:image:width\" content=\"640\" \/>\n\t<meta property=\"og:image:height\" content=\"167\" \/>\n\t<meta property=\"og:image:type\" content=\"image\/jpeg\" \/>\n<meta name=\"twitter:label1\" content=\"Dur\u00e9e de lecture estim\u00e9e\" \/>\n\t<meta name=\"twitter:data1\" content=\"4 minutes\" \/>\n<script type=\"application\/ld+json\" class=\"yoast-schema-graph\">{\"@context\":\"https:\\\/\\\/schema.org\",\"@graph\":[{\"@type\":\"WebPage\",\"@id\":\"https:\\\/\\\/www.pro-evologia.ch\\\/?page_id=981\",\"url\":\"https:\\\/\\\/www.pro-evologia.ch\\\/?page_id=981\",\"name\":\"Le Val-de-Ruz, une r\u00e9gion pionni\u00e8re &#8226; Association des amis d&#039;Evologia\",\"isPartOf\":{\"@id\":\"https:\\\/\\\/www.pro-evologia.ch\\\/#website\"},\"datePublished\":\"2015-06-27T15:15:15+00:00\",\"dateModified\":\"2015-06-27T15:16:54+00:00\",\"breadcrumb\":{\"@id\":\"https:\\\/\\\/www.pro-evologia.ch\\\/?page_id=981#breadcrumb\"},\"inLanguage\":\"fr-FR\",\"potentialAction\":[{\"@type\":\"ReadAction\",\"target\":[\"https:\\\/\\\/www.pro-evologia.ch\\\/?page_id=981\"]}]},{\"@type\":\"BreadcrumbList\",\"@id\":\"https:\\\/\\\/www.pro-evologia.ch\\\/?page_id=981#breadcrumb\",\"itemListElement\":[{\"@type\":\"ListItem\",\"position\":1,\"name\":\"Accueil\",\"item\":\"https:\\\/\\\/www.pro-evologia.ch\\\/\"},{\"@type\":\"ListItem\",\"position\":2,\"name\":\"L&rsquo;Association\",\"item\":\"http:\\\/\\\/www.pro-evologia.ch\\\/?page_id=33\"},{\"@type\":\"ListItem\",\"position\":3,\"name\":\"Archives 2015\",\"item\":\"http:\\\/\\\/www.pro-evologia.ch\\\/?page_id=1147\"},{\"@type\":\"ListItem\",\"position\":4,\"name\":\"Exposition 2015 \u00ab\u00a0Eco-r\u00e9seaux &#038; Paysages au Val-de-Ruz\u00a0\u00bb\",\"item\":\"http:\\\/\\\/www.pro-evologia.ch\\\/?page_id=60\"},{\"@type\":\"ListItem\",\"position\":5,\"name\":\"Panneaux de l&rsquo;exposition\",\"item\":\"http:\\\/\\\/www.pro-evologia.ch\\\/?page_id=810\"},{\"@type\":\"ListItem\",\"position\":6,\"name\":\"Panneaux \u00ab\u00a0EcoR\u00e9seau\u00a0\u00bb\",\"item\":\"http:\\\/\\\/www.pro-evologia.ch\\\/?page_id=814\"},{\"@type\":\"ListItem\",\"position\":7,\"name\":\"Le Val-de-Ruz, une r\u00e9gion pionni\u00e8re\"}]},{\"@type\":\"WebSite\",\"@id\":\"https:\\\/\\\/www.pro-evologia.ch\\\/#website\",\"url\":\"https:\\\/\\\/www.pro-evologia.ch\\\/\",\"name\":\"Association des amis d&#039;Evologia\",\"description\":\"Pro Evologia est  une association \u00e0 but non lucratif qui soutient Evologia\",\"potentialAction\":[{\"@type\":\"SearchAction\",\"target\":{\"@type\":\"EntryPoint\",\"urlTemplate\":\"https:\\\/\\\/www.pro-evologia.ch\\\/?s={search_term_string}\"},\"query-input\":{\"@type\":\"PropertyValueSpecification\",\"valueRequired\":true,\"valueName\":\"search_term_string\"}}],\"inLanguage\":\"fr-FR\"}]}<\/script>\n<!-- \/ Yoast SEO plugin. -->","yoast_head_json":{"title":"Le Val-de-Ruz, une r\u00e9gion pionni\u00e8re &#8226; Association des amis d&#039;Evologia","robots":{"index":"index","follow":"follow","max-snippet":"max-snippet:-1","max-image-preview":"max-image-preview:large","max-video-preview":"max-video-preview:-1"},"canonical":"https:\/\/www.pro-evologia.ch\/?page_id=981","og_locale":"fr_FR","og_type":"article","og_title":"Le Val-de-Ruz, une r\u00e9gion pionni\u00e8re &#8226; Association des amis d&#039;Evologia","og_description":"Pourquoi au Val-de-Ruz\u00a0? Un des d\u00e9clics qui a amorc\u00e9 la mise en place d\u2019un r\u00e9seau \u00e9cologique au Val-de-Ruz a \u00e9t\u00e9 l\u2019azur\u00e9 des paluds. Ce petit papillon discret a en effet vu ses populations quasiment dispara\u00eetre dans notre r\u00e9gion. Il \u00e9tait donc n\u00e9cessaire d\u2019agir. Dans le district, le Seyon et ses abords jouent un r\u00f4le essentiel ... Read more","og_url":"https:\/\/www.pro-evologia.ch\/?page_id=981","og_site_name":"Association des amis d&#039;Evologia","article_publisher":"https:\/\/www.facebook.com\/proevologia","article_modified_time":"2015-06-27T15:16:54+00:00","og_image":[{"width":640,"height":167,"url":"https:\/\/www.pro-evologia.ch\/wp-content\/uploads\/2015\/01\/Entete.jpg","type":"image\/jpeg"}],"twitter_misc":{"Dur\u00e9e de lecture estim\u00e9e":"4 minutes"},"schema":{"@context":"https:\/\/schema.org","@graph":[{"@type":"WebPage","@id":"https:\/\/www.pro-evologia.ch\/?page_id=981","url":"https:\/\/www.pro-evologia.ch\/?page_id=981","name":"Le Val-de-Ruz, une r\u00e9gion pionni\u00e8re &#8226; Association des amis d&#039;Evologia","isPartOf":{"@id":"https:\/\/www.pro-evologia.ch\/#website"},"datePublished":"2015-06-27T15:15:15+00:00","dateModified":"2015-06-27T15:16:54+00:00","breadcrumb":{"@id":"https:\/\/www.pro-evologia.ch\/?page_id=981#breadcrumb"},"inLanguage":"fr-FR","potentialAction":[{"@type":"ReadAction","target":["https:\/\/www.pro-evologia.ch\/?page_id=981"]}]},{"@type":"BreadcrumbList","@id":"https:\/\/www.pro-evologia.ch\/?page_id=981#breadcrumb","itemListElement":[{"@type":"ListItem","position":1,"name":"Accueil","item":"https:\/\/www.pro-evologia.ch\/"},{"@type":"ListItem","position":2,"name":"L&rsquo;Association","item":"http:\/\/www.pro-evologia.ch\/?page_id=33"},{"@type":"ListItem","position":3,"name":"Archives 2015","item":"http:\/\/www.pro-evologia.ch\/?page_id=1147"},{"@type":"ListItem","position":4,"name":"Exposition 2015 \u00ab\u00a0Eco-r\u00e9seaux &#038; Paysages au Val-de-Ruz\u00a0\u00bb","item":"http:\/\/www.pro-evologia.ch\/?page_id=60"},{"@type":"ListItem","position":5,"name":"Panneaux de l&rsquo;exposition","item":"http:\/\/www.pro-evologia.ch\/?page_id=810"},{"@type":"ListItem","position":6,"name":"Panneaux \u00ab\u00a0EcoR\u00e9seau\u00a0\u00bb","item":"http:\/\/www.pro-evologia.ch\/?page_id=814"},{"@type":"ListItem","position":7,"name":"Le Val-de-Ruz, une r\u00e9gion pionni\u00e8re"}]},{"@type":"WebSite","@id":"https:\/\/www.pro-evologia.ch\/#website","url":"https:\/\/www.pro-evologia.ch\/","name":"Association des amis d&#039;Evologia","description":"Pro Evologia est  une association \u00e0 but non lucratif qui soutient Evologia","potentialAction":[{"@type":"SearchAction","target":{"@type":"EntryPoint","urlTemplate":"https:\/\/www.pro-evologia.ch\/?s={search_term_string}"},"query-input":{"@type":"PropertyValueSpecification","valueRequired":true,"valueName":"search_term_string"}}],"inLanguage":"fr-FR"}]}},"_links":{"self":[{"href":"https:\/\/www.pro-evologia.ch\/index.php?rest_route=\/wp\/v2\/pages\/981","targetHints":{"allow":["GET"]}}],"collection":[{"href":"https:\/\/www.pro-evologia.ch\/index.php?rest_route=\/wp\/v2\/pages"}],"about":[{"href":"https:\/\/www.pro-evologia.ch\/index.php?rest_route=\/wp\/v2\/types\/page"}],"author":[{"embeddable":true,"href":"https:\/\/www.pro-evologia.ch\/index.php?rest_route=\/wp\/v2\/users\/1"}],"replies":[{"embeddable":true,"href":"https:\/\/www.pro-evologia.ch\/index.php?rest_route=%2Fwp%2Fv2%2Fcomments&post=981"}],"version-history":[{"count":0,"href":"https:\/\/www.pro-evologia.ch\/index.php?rest_route=\/wp\/v2\/pages\/981\/revisions"}],"up":[{"embeddable":true,"href":"https:\/\/www.pro-evologia.ch\/index.php?rest_route=\/wp\/v2\/pages\/814"}],"wp:attachment":[{"href":"https:\/\/www.pro-evologia.ch\/index.php?rest_route=%2Fwp%2Fv2%2Fmedia&parent=981"}],"curies":[{"name":"wp","href":"https:\/\/api.w.org\/{rel}","templated":true}]}}