{"id":40,"date":"2014-11-06T18:06:17","date_gmt":"2014-11-06T17:06:17","guid":{"rendered":"http:\/\/kzcerqm.preview.infomaniak.com\/?page_id=40"},"modified":"2026-01-22T17:21:17","modified_gmt":"2026-01-22T16:21:17","slug":"devenir-membres","status":"publish","type":"page","link":"https:\/\/www.pro-evologia.ch\/?page_id=40","title":{"rendered":"Devenir membre de l&rsquo;Association Pro Evologia"},"content":{"rendered":"<h3>Soutenir Pro Evologia, c\u2019est&nbsp;:<\/h3>\n<ul>\n<li>participer aux activit\u00e9s et aux manifestations qui se d\u00e9coulent \u00e0 EVOLOGIA (Cernier).<\/li>\n<li>contribuer au d\u00e9veloppement d\u2019animations culturelles sur ce site \u00ab&nbsp;<strong><em>Culture et Nature<\/em><\/strong>&nbsp;\u00bb du Val-de-Ruz.<\/li>\n<\/ul>\n<p>Renforcez votre appui par une modique cotisation annuelle de<strong> CHF 30.&#8211;.<\/strong><\/p>\n<p>En devenant membre de l\u2019association, vous serez inform\u00e9s r\u00e9guli\u00e8rement sur les \u00e9v\u00e8nements organis\u00e9s pour le public et les familles, en particulier.<br \/>\nCarte en vente \u00e9galement \u00e0 l&rsquo;accueil d&rsquo;<strong>Evologia<\/strong> et \u00e0 la <strong>Terrassiette<\/strong> pendant la p\u00e9riode estivale.<br \/>\nParticipez activement \u00e0 l&rsquo;\u00e9volution de l&rsquo;association et apportez vos id\u00e9es, vos comp\u00e9tences.<\/p>\n<p>Avec nos remerciements.<\/p>\n\n<div class=\"wpcf7 no-js\" id=\"wpcf7-f202-o1\" lang=\"fr-FR\" dir=\"ltr\" data-wpcf7-id=\"202\">\n<div class=\"screen-reader-response\"><p role=\"status\" aria-live=\"polite\" aria-atomic=\"true\"><\/p> <ul><\/ul><\/div>\n<form action=\"\/index.php?rest_route=%2Fwp%2Fv2%2Fpages%2F40#wpcf7-f202-o1\" method=\"post\" class=\"wpcf7-form init\" aria-label=\"Formulaire de contact\" novalidate=\"novalidate\" data-status=\"init\">\n<fieldset class=\"hidden-fields-container\"><input type=\"hidden\" name=\"_wpcf7\" value=\"202\" \/><input type=\"hidden\" name=\"_wpcf7_version\" value=\"6.1.5\" \/><input type=\"hidden\" name=\"_wpcf7_locale\" value=\"fr_FR\" \/><input type=\"hidden\" name=\"_wpcf7_unit_tag\" value=\"wpcf7-f202-o1\" \/><input type=\"hidden\" name=\"_wpcf7_container_post\" value=\"0\" \/><input type=\"hidden\" name=\"_wpcf7_posted_data_hash\" value=\"\" \/>\n<\/fieldset>\n<p>Votre pr\u00e9nom (obligatoire)\n<\/p>\n<p><span class=\"wpcf7-form-control-wrap\" data-name=\"your-1name\"><input size=\"40\" maxlength=\"400\" class=\"wpcf7-form-control wpcf7-text wpcf7-validates-as-required\" aria-required=\"true\" aria-invalid=\"false\" value=\"\" type=\"text\" name=\"your-1name\" \/><\/span>\n<\/p>\n<p>Votre nom (obligatoire)\n<\/p>\n<p><span class=\"wpcf7-form-control-wrap\" data-name=\"your-name\"><input size=\"40\" maxlength=\"400\" class=\"wpcf7-form-control wpcf7-text wpcf7-validates-as-required\" aria-required=\"true\" aria-invalid=\"false\" value=\"\" type=\"text\" name=\"your-name\" \/><\/span>\n<\/p>\n<p>Rue & n\u00b0 (obligatoire)\n<\/p>\n<p><span class=\"wpcf7-form-control-wrap\" data-name=\"your-street\"><input size=\"40\" maxlength=\"400\" class=\"wpcf7-form-control wpcf7-text wpcf7-validates-as-required\" aria-required=\"true\" aria-invalid=\"false\" value=\"\" type=\"text\" name=\"your-street\" \/><\/span>\n<\/p>\n<p>Votre localit\u00e9 (obligatoire)\n<\/p>\n<p><span class=\"wpcf7-form-control-wrap\" data-name=\"your-city\"><input size=\"40\" maxlength=\"400\" class=\"wpcf7-form-control wpcf7-text wpcf7-validates-as-required\" aria-required=\"true\" aria-invalid=\"false\" value=\"\" type=\"text\" name=\"your-city\" \/><\/span>\n<\/p>\n<p>Votre t\u00e9l\u00e9pnone (facultatif)\n<\/p>\n<p><span class=\"wpcf7-form-control-wrap\" data-name=\"tel-84\"><input size=\"40\" maxlength=\"400\" class=\"wpcf7-form-control wpcf7-tel wpcf7-text wpcf7-validates-as-tel\" aria-invalid=\"false\" value=\"\" type=\"tel\" name=\"tel-84\" \/><\/span>\n<\/p>\n<p>Votre email (obligatoire)\n<\/p>\n<p><span class=\"wpcf7-form-control-wrap\" data-name=\"your-email\"><input size=\"40\" maxlength=\"400\" class=\"wpcf7-form-control wpcf7-email wpcf7-validates-as-required wpcf7-text wpcf7-validates-as-email\" aria-required=\"true\" aria-invalid=\"false\" value=\"\" type=\"email\" name=\"your-email\" \/><\/span>\n<\/p>\n<p>Autorisez-vous Pro Evologia \u00e0 utiliser cette adresse \u00e9lectronique pour vous adresser les convocations \u00e0 l'Assembl\u00e9e g\u00e9n\u00e9rale annuelle de Pro Evologia<br \/>\n<span class=\"wpcf7-form-control-wrap\" data-name=\"checkbox-58\"><span class=\"wpcf7-form-control wpcf7-checkbox wpcf7-validates-as-required wpcf7-exclusive-checkbox\"><span class=\"wpcf7-list-item first\"><input type=\"checkbox\" name=\"checkbox-58\" value=\"Oui\" \/><span class=\"wpcf7-list-item-label\">Oui<\/span><\/span><span class=\"wpcf7-list-item last\"><input type=\"checkbox\" name=\"checkbox-58\" value=\"Non\" \/><span class=\"wpcf7-list-item-label\">Non<\/span><\/span><\/span><\/span>\n<\/p>\n<p>Autorisez-vous Pro Evologia \u00e0 utiliser cette adresse \u00e9lectronique pour vous adresser des nouvelles de Pro Evologia (newsletter avec fr\u00e9quence mensuelle en p\u00e9riode estivale) ?<br \/>\n<span class=\"wpcf7-form-control-wrap\" data-name=\"checkbox-913\"><span class=\"wpcf7-form-control wpcf7-checkbox wpcf7-validates-as-required wpcf7-exclusive-checkbox\"><span class=\"wpcf7-list-item first\"><input type=\"checkbox\" name=\"checkbox-913\" value=\"Oui\" \/><span class=\"wpcf7-list-item-label\">Oui<\/span><\/span><span class=\"wpcf7-list-item last\"><input type=\"checkbox\" name=\"checkbox-913\" value=\"Non\" \/><span class=\"wpcf7-list-item-label\">Non<\/span><\/span><\/span><\/span>\n<\/p>\n<p>Sujet\n<\/p>\n<p><span class=\"wpcf7-form-control-wrap\" data-name=\"your-subject\"><input size=\"40\" maxlength=\"400\" class=\"wpcf7-form-control wpcf7-text\" aria-invalid=\"false\" value=\"Incription membre de l&#039;Association Pro Evologia\" type=\"text\" name=\"your-subject\" \/><\/span>\n<\/p>\n<p>Remarques\n<\/p>\n<p><span class=\"wpcf7-form-control-wrap\" data-name=\"your-message\"><textarea cols=\"40\" rows=\"10\" maxlength=\"300\" class=\"wpcf7-form-control wpcf7-textarea\" aria-invalid=\"false\" name=\"your-message\"><\/textarea><\/span>\n<\/p>\n<p><input type=\"hidden\" name=\"_wpcf7_captcha_challenge_captcha-114\" value=\"3672904515\" \/><img loading=\"lazy\" decoding=\"async\" class=\"wpcf7-form-control wpcf7-captchac wpcf7-captcha-captcha-114\" width=\"72\" height=\"24\" alt=\"captcha\" src=\"https:\/\/www.pro-evologia.ch\/wp-content\/uploads\/wpcf7_captcha\/3672904515.png\" \/><br \/>\n<span class=\"wpcf7-form-control-wrap\" data-name=\"captcha-114\"><input size=\"40\" class=\"wpcf7-form-control wpcf7-captchar\" autocomplete=\"off\" aria-invalid=\"false\" value=\"\" type=\"text\" name=\"captcha-114\" \/><\/span>\n<\/p>\n<p><input class=\"wpcf7-form-control wpcf7-submit has-spinner\" type=\"submit\" value=\"Envoyer\" \/>\n<\/p><div class=\"wpcf7-response-output\" aria-hidden=\"true\"><\/div>\n<\/form>\n<\/div>\n\n","protected":false},"excerpt":{"rendered":"<p>Soutenir Pro Evologia, c\u2019est&nbsp;: participer aux activit\u00e9s et aux manifestations qui se d\u00e9coulent \u00e0 EVOLOGIA (Cernier). contribuer au d\u00e9veloppement d\u2019animations culturelles sur ce site \u00ab&nbsp;Culture et Nature&nbsp;\u00bb du Val-de-Ruz. Renforcez votre appui par une modique cotisation annuelle de CHF 30.&#8211;. En devenant membre de l\u2019association, vous serez inform\u00e9s r\u00e9guli\u00e8rement sur les \u00e9v\u00e8nements organis\u00e9s pour le &#8230; <a title=\"Devenir membre de l&rsquo;Association Pro Evologia\" class=\"read-more\" href=\"https:\/\/www.pro-evologia.ch\/?page_id=40\" aria-label=\"En savoir plus sur Devenir membre de l&rsquo;Association Pro Evologia\">Read more<\/a><\/p>\n","protected":false},"author":1,"featured_media":0,"parent":33,"menu_order":1,"comment_status":"closed","ping_status":"closed","template":"","meta":{"ngg_post_thumbnail":0,"generate_page_header":"","footnotes":""},"class_list":["post-40","page","type-page","status-publish"],"yoast_head":"<!-- This site is optimized with the Yoast SEO plugin v27.5 - https:\/\/yoast.com\/product\/yoast-seo-wordpress\/ -->\n<title>Devenir membre de l&#039;Association Pro Evologia &#8226; Association des amis d&#039;Evologia<\/title>\n<meta name=\"robots\" content=\"index, follow, max-snippet:-1, max-image-preview:large, max-video-preview:-1\" \/>\n<link rel=\"canonical\" href=\"http:\/\/www.pro-evologia.ch\/?page_id=40\" \/>\n<meta property=\"og:locale\" content=\"fr_FR\" \/>\n<meta property=\"og:type\" content=\"article\" \/>\n<meta property=\"og:title\" content=\"Devenir membre de l&#039;Association Pro Evologia &#8226; Association des amis d&#039;Evologia\" \/>\n<meta property=\"og:description\" content=\"Soutenir Pro Evologia, c\u2019est&nbsp;: participer aux activit\u00e9s et aux manifestations qui se d\u00e9coulent \u00e0 EVOLOGIA (Cernier). contribuer au d\u00e9veloppement d\u2019animations culturelles sur ce site \u00ab&nbsp;Culture et Nature&nbsp;\u00bb du Val-de-Ruz. Renforcez votre appui par une modique cotisation annuelle de CHF 30.&#8211;. En devenant membre de l\u2019association, vous serez inform\u00e9s r\u00e9guli\u00e8rement sur les \u00e9v\u00e8nements organis\u00e9s pour le ... Read more\" \/>\n<meta property=\"og:url\" content=\"http:\/\/www.pro-evologia.ch\/?page_id=40\" \/>\n<meta property=\"og:site_name\" content=\"Association des amis d&#039;Evologia\" \/>\n<meta property=\"article:publisher\" content=\"https:\/\/www.facebook.com\/proevologia\" \/>\n<meta property=\"article:modified_time\" content=\"2026-01-22T16:21:17+00:00\" \/>\n<meta property=\"og:image\" content=\"https:\/\/www.pro-evologia.ch\/wp-content\/uploads\/2015\/01\/Entete.jpg\" \/>\n\t<meta property=\"og:image:width\" content=\"640\" \/>\n\t<meta property=\"og:image:height\" content=\"167\" \/>\n\t<meta property=\"og:image:type\" content=\"image\/jpeg\" \/>\n<meta name=\"twitter:label1\" content=\"Dur\u00e9e de lecture estim\u00e9e\" \/>\n\t<meta name=\"twitter:data1\" content=\"1 minute\" \/>\n<script type=\"application\/ld+json\" class=\"yoast-schema-graph\">{\"@context\":\"https:\\\/\\\/schema.org\",\"@graph\":[{\"@type\":\"WebPage\",\"@id\":\"http:\\\/\\\/www.pro-evologia.ch\\\/?page_id=40\",\"url\":\"http:\\\/\\\/www.pro-evologia.ch\\\/?page_id=40\",\"name\":\"Devenir membre de l'Association Pro Evologia &#8226; Association des amis d&#039;Evologia\",\"isPartOf\":{\"@id\":\"https:\\\/\\\/www.pro-evologia.ch\\\/#website\"},\"datePublished\":\"2014-11-06T17:06:17+00:00\",\"dateModified\":\"2026-01-22T16:21:17+00:00\",\"breadcrumb\":{\"@id\":\"http:\\\/\\\/www.pro-evologia.ch\\\/?page_id=40#breadcrumb\"},\"inLanguage\":\"fr-FR\",\"potentialAction\":[{\"@type\":\"ReadAction\",\"target\":[\"http:\\\/\\\/www.pro-evologia.ch\\\/?page_id=40\"]}]},{\"@type\":\"BreadcrumbList\",\"@id\":\"http:\\\/\\\/www.pro-evologia.ch\\\/?page_id=40#breadcrumb\",\"itemListElement\":[{\"@type\":\"ListItem\",\"position\":1,\"name\":\"Accueil\",\"item\":\"https:\\\/\\\/www.pro-evologia.ch\\\/\"},{\"@type\":\"ListItem\",\"position\":2,\"name\":\"L&rsquo;Association\",\"item\":\"http:\\\/\\\/www.pro-evologia.ch\\\/?page_id=33\"},{\"@type\":\"ListItem\",\"position\":3,\"name\":\"Devenir membre de l&rsquo;Association Pro Evologia\"}]},{\"@type\":\"WebSite\",\"@id\":\"https:\\\/\\\/www.pro-evologia.ch\\\/#website\",\"url\":\"https:\\\/\\\/www.pro-evologia.ch\\\/\",\"name\":\"Association des amis d&#039;Evologia\",\"description\":\"Pro Evologia est  une association \u00e0 but non lucratif qui soutient Evologia\",\"potentialAction\":[{\"@type\":\"SearchAction\",\"target\":{\"@type\":\"EntryPoint\",\"urlTemplate\":\"https:\\\/\\\/www.pro-evologia.ch\\\/?s={search_term_string}\"},\"query-input\":{\"@type\":\"PropertyValueSpecification\",\"valueRequired\":true,\"valueName\":\"search_term_string\"}}],\"inLanguage\":\"fr-FR\"}]}<\/script>\n<!-- \/ Yoast SEO plugin. -->","yoast_head_json":{"title":"Devenir membre de l'Association Pro Evologia &#8226; Association des amis d&#039;Evologia","robots":{"index":"index","follow":"follow","max-snippet":"max-snippet:-1","max-image-preview":"max-image-preview:large","max-video-preview":"max-video-preview:-1"},"canonical":"http:\/\/www.pro-evologia.ch\/?page_id=40","og_locale":"fr_FR","og_type":"article","og_title":"Devenir membre de l'Association Pro Evologia &#8226; Association des amis d&#039;Evologia","og_description":"Soutenir Pro Evologia, c\u2019est&nbsp;: participer aux activit\u00e9s et aux manifestations qui se d\u00e9coulent \u00e0 EVOLOGIA (Cernier). contribuer au d\u00e9veloppement d\u2019animations culturelles sur ce site \u00ab&nbsp;Culture et Nature&nbsp;\u00bb du Val-de-Ruz. Renforcez votre appui par une modique cotisation annuelle de CHF 30.&#8211;. En devenant membre de l\u2019association, vous serez inform\u00e9s r\u00e9guli\u00e8rement sur les \u00e9v\u00e8nements organis\u00e9s pour le ... Read more","og_url":"http:\/\/www.pro-evologia.ch\/?page_id=40","og_site_name":"Association des amis d&#039;Evologia","article_publisher":"https:\/\/www.facebook.com\/proevologia","article_modified_time":"2026-01-22T16:21:17+00:00","og_image":[{"width":640,"height":167,"url":"https:\/\/www.pro-evologia.ch\/wp-content\/uploads\/2015\/01\/Entete.jpg","type":"image\/jpeg"}],"twitter_misc":{"Dur\u00e9e de lecture estim\u00e9e":"1 minute"},"schema":{"@context":"https:\/\/schema.org","@graph":[{"@type":"WebPage","@id":"http:\/\/www.pro-evologia.ch\/?page_id=40","url":"http:\/\/www.pro-evologia.ch\/?page_id=40","name":"Devenir membre de l'Association Pro Evologia &#8226; Association des amis d&#039;Evologia","isPartOf":{"@id":"https:\/\/www.pro-evologia.ch\/#website"},"datePublished":"2014-11-06T17:06:17+00:00","dateModified":"2026-01-22T16:21:17+00:00","breadcrumb":{"@id":"http:\/\/www.pro-evologia.ch\/?page_id=40#breadcrumb"},"inLanguage":"fr-FR","potentialAction":[{"@type":"ReadAction","target":["http:\/\/www.pro-evologia.ch\/?page_id=40"]}]},{"@type":"BreadcrumbList","@id":"http:\/\/www.pro-evologia.ch\/?page_id=40#breadcrumb","itemListElement":[{"@type":"ListItem","position":1,"name":"Accueil","item":"https:\/\/www.pro-evologia.ch\/"},{"@type":"ListItem","position":2,"name":"L&rsquo;Association","item":"http:\/\/www.pro-evologia.ch\/?page_id=33"},{"@type":"ListItem","position":3,"name":"Devenir membre de l&rsquo;Association Pro Evologia"}]},{"@type":"WebSite","@id":"https:\/\/www.pro-evologia.ch\/#website","url":"https:\/\/www.pro-evologia.ch\/","name":"Association des amis d&#039;Evologia","description":"Pro Evologia est  une association \u00e0 but non lucratif qui soutient Evologia","potentialAction":[{"@type":"SearchAction","target":{"@type":"EntryPoint","urlTemplate":"https:\/\/www.pro-evologia.ch\/?s={search_term_string}"},"query-input":{"@type":"PropertyValueSpecification","valueRequired":true,"valueName":"search_term_string"}}],"inLanguage":"fr-FR"}]}},"_links":{"self":[{"href":"https:\/\/www.pro-evologia.ch\/index.php?rest_route=\/wp\/v2\/pages\/40","targetHints":{"allow":["GET"]}}],"collection":[{"href":"https:\/\/www.pro-evologia.ch\/index.php?rest_route=\/wp\/v2\/pages"}],"about":[{"href":"https:\/\/www.pro-evologia.ch\/index.php?rest_route=\/wp\/v2\/types\/page"}],"author":[{"embeddable":true,"href":"https:\/\/www.pro-evologia.ch\/index.php?rest_route=\/wp\/v2\/users\/1"}],"replies":[{"embeddable":true,"href":"https:\/\/www.pro-evologia.ch\/index.php?rest_route=%2Fwp%2Fv2%2Fcomments&post=40"}],"version-history":[{"count":1,"href":"https:\/\/www.pro-evologia.ch\/index.php?rest_route=\/wp\/v2\/pages\/40\/revisions"}],"predecessor-version":[{"id":3464,"href":"https:\/\/www.pro-evologia.ch\/index.php?rest_route=\/wp\/v2\/pages\/40\/revisions\/3464"}],"up":[{"embeddable":true,"href":"https:\/\/www.pro-evologia.ch\/index.php?rest_route=\/wp\/v2\/pages\/33"}],"wp:attachment":[{"href":"https:\/\/www.pro-evologia.ch\/index.php?rest_route=%2Fwp%2Fv2%2Fmedia&parent=40"}],"curies":[{"name":"wp","href":"https:\/\/api.w.org\/{rel}","templated":true}]}}