{"id":1269,"date":"2016-05-04T10:10:59","date_gmt":"2016-05-04T08:10:59","guid":{"rendered":"http:\/\/www.pro-evologia.ch\/?page_id=1269"},"modified":"2017-06-16T10:21:20","modified_gmt":"2017-06-16T08:21:20","slug":"jardins-musicaux-2016","status":"publish","type":"page","link":"https:\/\/www.pro-evologia.ch\/?page_id=1269","title":{"rendered":"Les Jardins Musicaux 2016"},"content":{"rendered":"<p><strong>CONCERTS, SPECTACLES, BAL(L)ADES ET ATELIERS<\/strong><\/p>\n<p><strong>Quarante repr\u00e9sentations d\u2019un format \u00abune heure sans entracte\u00bb sont \u00e0 d\u00e9couvrir du 12 au 28 ao\u00fbt au Festival des Jardins Musicaux.<\/strong><\/p>\n<p>Comme \u00e0 son habitude, le festival se d\u00e9roule dans plusieurs lieux: l\u2019embl\u00e9matique Grange aux Concerts de Cernier (CH), la Saline royale d\u2019Arc-et-Senans (F), le Parc r\u00e9gional Chasseral (CH) et la Cin\u00e9math\u00e8que suisse (Lausanne).<\/p>\n<p>L\u2019\u00e9dition 2016 fait la place belle \u00e0 des \u0153uvres de r\u00e9f\u00e9rence des 20e et 21e si\u00e8cles: Bart\u00f3k, Reich, Hindemith, Ravel, B\u00e9rio, Prokoviev, Stravinsky, Ligeti ou Copland, entre autres. Ils seront servis par l\u2019Orchestre des Jardins Musicaux et de nombreux solistes tels le violoniste Mikhail Ovrutsky, les sopranos Katrien Baerts, Clara Meloni et Jeannette Fischer, Ballak\u00e9 Sissoko et Vincent Segal, Carine S\u00e9chaye, Antoine Fran\u00e7oise, Robin Green, Lionel Cottet, Louis Schwitzgebel, Erika Stucky, notamment.<\/p>\n<p>Apr\u00e8s avoir pr\u00e9sent\u00e9 tous les longs m\u00e9trages de Chaplin avec accompagnement d\u2019orchestre en direct, les Jardins Musicaux proposent une conclusion de ce cycle avec <em>Le P\u00e8lerin <\/em>et<em> Une Vie de chien<\/em> et l\u2019orchestre du Festival.<\/p>\n<p><strong>Les Bal(l)ades au Parc Chasseral<br \/>\n<\/strong>Depuis cinq ans, le Parc R\u00e9gional Chasseral et le Festival s\u2019associent dans le cadre du projet Bal(l)ades&#8230; Ce projet propose la d\u00e9couverte de lieux insolites et passionnants et autant de concerts originaux sur tout le territoire du Parc.<\/p>\n<p><strong>Ateliers \u00abenfants\u00bb de 6 \u00e0 12 ans<br \/>\n<\/strong>Les enfants sont convi\u00e9s \u00e0 des ateliers de pratiques musicales, d\u2019exp\u00e9rimentation, de d\u00e9couverte et de cr\u00e9ation. Inscription sur <a href=\"http:\/\/www.jardinsmusicaux.ch\/ateliers\">www.jardinsmusicaux.ch\/ateliers<\/a>.<\/p>\n<p><strong>Programme papier<br \/>\n<\/strong>Illustrer un concert ou un spectacle dans un programme, c\u2019est donner une premi\u00e8re \u00ablecture\u00bb des \u0153uvres, au public qui les attend et aux artistes qui les pr\u00e9parent. Depuis 2013, La Collection de l\u2019Art Brut met \u00e0 disposition des Jardins Musicaux les \u0153uvres de son fonds. Cette collaboration privil\u00e9gi\u00e9e permet de faire partager au public un immense r\u00e9servoir d\u2019imaginaire.<\/p>\n<p><strong>Billets pour les Jardins Musicaux<\/strong><br \/>\nen vente \u00e0 Evologia (032 889 36 05) ou sur <strong><a href=\"http:\/\/www.jardinsmusicaux.ch\" target=\"_blank\" rel=\"noopener\">www.jardinsmusicaux.ch<\/a><\/strong><\/p>\n<p><strong>Photo<\/strong>: <em>La ru\u00e9e vers l\u2019or<\/em> de Chaplin et l\u2019Orchestre des Jardins Musicaux \u00e0 la Grange aux concerts en 2015.<\/p>\n<p><a href=\"https:\/\/www.pro-evologia.ch\/wp-content\/uploads\/2016\/05\/La-Ruee-vers-or.jpg\"><img loading=\"lazy\" decoding=\"async\" class=\"alignleft wp-image-1268 size-full\" src=\"https:\/\/www.pro-evologia.ch\/wp-content\/uploads\/2016\/05\/La-Ruee-vers-or.jpg\" alt=\"La-Ruee-vers-or\" height=\"533\" width=\"800\" srcset=\"https:\/\/www.pro-evologia.ch\/wp-content\/uploads\/2016\/05\/La-Ruee-vers-or.jpg 800w, https:\/\/www.pro-evologia.ch\/wp-content\/uploads\/2016\/05\/La-Ruee-vers-or-300x200.jpg 300w, https:\/\/www.pro-evologia.ch\/wp-content\/uploads\/2016\/05\/La-Ruee-vers-or-768x512.jpg 768w, https:\/\/www.pro-evologia.ch\/wp-content\/uploads\/2016\/05\/La-Ruee-vers-or-600x400.jpg 600w\" sizes=\"auto, (max-width: 800px) 100vw, 800px\" \/><\/a><\/p>\n<p>&nbsp;<\/p>\n<p>&nbsp;<\/p>\n<p>&nbsp;<\/p>\n<p>&nbsp;<\/p>\n<p>&nbsp;<\/p>\n<p>&nbsp;<\/p>\n<p>&nbsp;<\/p>\n<p>&nbsp;<\/p>\n<p>&nbsp;<\/p>\n<p>&nbsp;<\/p>\n<p>&nbsp;<\/p>\n<p>&nbsp;<\/p>\n<p>&nbsp;<\/p>\n<p><strong>Plus d\u2019infos<\/strong>: <a href=\"http:\/\/www.jardinsmusicaux.ch\">www.jardinsmusicaux.ch<\/a><\/p>\n","protected":false},"excerpt":{"rendered":"<p>CONCERTS, SPECTACLES, BAL(L)ADES ET ATELIERS Quarante repr\u00e9sentations d\u2019un format \u00abune heure sans entracte\u00bb sont \u00e0 d\u00e9couvrir du 12 au 28 ao\u00fbt au Festival des Jardins Musicaux. Comme \u00e0 son habitude, le festival se d\u00e9roule dans plusieurs lieux: l\u2019embl\u00e9matique Grange aux Concerts de Cernier (CH), la Saline royale d\u2019Arc-et-Senans (F), le Parc r\u00e9gional Chasseral (CH) et &#8230; <a title=\"Les Jardins Musicaux 2016\" class=\"read-more\" href=\"https:\/\/www.pro-evologia.ch\/?page_id=1269\" aria-label=\"En savoir plus sur Les Jardins Musicaux 2016\">Read more<\/a><\/p>\n","protected":false},"author":1,"featured_media":0,"parent":1339,"menu_order":4,"comment_status":"closed","ping_status":"closed","template":"","meta":{"ngg_post_thumbnail":0,"generate_page_header":"","footnotes":""},"class_list":["post-1269","page","type-page","status-publish"],"yoast_head":"<!-- This site is optimized with the Yoast SEO plugin v27.4 - https:\/\/yoast.com\/product\/yoast-seo-wordpress\/ -->\n<title>Les Jardins Musicaux 2016 &#8226; Association des amis d&#039;Evologia<\/title>\n<meta name=\"robots\" content=\"index, follow, max-snippet:-1, max-image-preview:large, max-video-preview:-1\" \/>\n<link rel=\"canonical\" href=\"https:\/\/www.pro-evologia.ch\/?page_id=1269\" \/>\n<meta property=\"og:locale\" content=\"fr_FR\" \/>\n<meta property=\"og:type\" content=\"article\" \/>\n<meta property=\"og:title\" content=\"Les Jardins Musicaux 2016 &#8226; Association des amis d&#039;Evologia\" \/>\n<meta property=\"og:description\" content=\"CONCERTS, SPECTACLES, BAL(L)ADES ET ATELIERS Quarante repr\u00e9sentations d\u2019un format \u00abune heure sans entracte\u00bb sont \u00e0 d\u00e9couvrir du 12 au 28 ao\u00fbt au Festival des Jardins Musicaux. Comme \u00e0 son habitude, le festival se d\u00e9roule dans plusieurs lieux: l\u2019embl\u00e9matique Grange aux Concerts de Cernier (CH), la Saline royale d\u2019Arc-et-Senans (F), le Parc r\u00e9gional Chasseral (CH) et ... Read more\" \/>\n<meta property=\"og:url\" content=\"https:\/\/www.pro-evologia.ch\/?page_id=1269\" \/>\n<meta property=\"og:site_name\" content=\"Association des amis d&#039;Evologia\" \/>\n<meta property=\"article:publisher\" content=\"https:\/\/www.facebook.com\/proevologia\" \/>\n<meta property=\"article:modified_time\" content=\"2017-06-16T08:21:20+00:00\" \/>\n<meta property=\"og:image\" content=\"https:\/\/www.pro-evologia.ch\/wp-content\/uploads\/2016\/05\/La-Ruee-vers-or.jpg\" \/>\n<meta name=\"twitter:label1\" content=\"Dur\u00e9e de lecture estim\u00e9e\" \/>\n\t<meta name=\"twitter:data1\" content=\"2 minutes\" \/>\n<script type=\"application\/ld+json\" class=\"yoast-schema-graph\">{\"@context\":\"https:\\\/\\\/schema.org\",\"@graph\":[{\"@type\":\"WebPage\",\"@id\":\"https:\\\/\\\/www.pro-evologia.ch\\\/?page_id=1269\",\"url\":\"https:\\\/\\\/www.pro-evologia.ch\\\/?page_id=1269\",\"name\":\"Les Jardins Musicaux 2016 &#8226; Association des amis d&#039;Evologia\",\"isPartOf\":{\"@id\":\"https:\\\/\\\/www.pro-evologia.ch\\\/#website\"},\"primaryImageOfPage\":{\"@id\":\"https:\\\/\\\/www.pro-evologia.ch\\\/?page_id=1269#primaryimage\"},\"image\":{\"@id\":\"https:\\\/\\\/www.pro-evologia.ch\\\/?page_id=1269#primaryimage\"},\"thumbnailUrl\":\"https:\\\/\\\/www.pro-evologia.ch\\\/wp-content\\\/uploads\\\/2016\\\/05\\\/La-Ruee-vers-or.jpg\",\"datePublished\":\"2016-05-04T08:10:59+00:00\",\"dateModified\":\"2017-06-16T08:21:20+00:00\",\"breadcrumb\":{\"@id\":\"https:\\\/\\\/www.pro-evologia.ch\\\/?page_id=1269#breadcrumb\"},\"inLanguage\":\"fr-FR\",\"potentialAction\":[{\"@type\":\"ReadAction\",\"target\":[\"https:\\\/\\\/www.pro-evologia.ch\\\/?page_id=1269\"]}]},{\"@type\":\"ImageObject\",\"inLanguage\":\"fr-FR\",\"@id\":\"https:\\\/\\\/www.pro-evologia.ch\\\/?page_id=1269#primaryimage\",\"url\":\"https:\\\/\\\/www.pro-evologia.ch\\\/wp-content\\\/uploads\\\/2016\\\/05\\\/La-Ruee-vers-or.jpg\",\"contentUrl\":\"https:\\\/\\\/www.pro-evologia.ch\\\/wp-content\\\/uploads\\\/2016\\\/05\\\/La-Ruee-vers-or.jpg\"},{\"@type\":\"BreadcrumbList\",\"@id\":\"https:\\\/\\\/www.pro-evologia.ch\\\/?page_id=1269#breadcrumb\",\"itemListElement\":[{\"@type\":\"ListItem\",\"position\":1,\"name\":\"Accueil\",\"item\":\"https:\\\/\\\/www.pro-evologia.ch\\\/\"},{\"@type\":\"ListItem\",\"position\":2,\"name\":\"L&rsquo;Association\",\"item\":\"https:\\\/\\\/www.pro-evologia.ch\\\/?page_id=33\"},{\"@type\":\"ListItem\",\"position\":3,\"name\":\"Archives 2016\",\"item\":\"https:\\\/\\\/www.pro-evologia.ch\\\/?page_id=1339\"},{\"@type\":\"ListItem\",\"position\":4,\"name\":\"Les Jardins Musicaux 2016\"}]},{\"@type\":\"WebSite\",\"@id\":\"https:\\\/\\\/www.pro-evologia.ch\\\/#website\",\"url\":\"https:\\\/\\\/www.pro-evologia.ch\\\/\",\"name\":\"Association des amis d&#039;Evologia\",\"description\":\"Pro Evologia est  une association \u00e0 but non lucratif qui soutient Evologia\",\"potentialAction\":[{\"@type\":\"SearchAction\",\"target\":{\"@type\":\"EntryPoint\",\"urlTemplate\":\"https:\\\/\\\/www.pro-evologia.ch\\\/?s={search_term_string}\"},\"query-input\":{\"@type\":\"PropertyValueSpecification\",\"valueRequired\":true,\"valueName\":\"search_term_string\"}}],\"inLanguage\":\"fr-FR\"}]}<\/script>\n<!-- \/ Yoast SEO plugin. -->","yoast_head_json":{"title":"Les Jardins Musicaux 2016 &#8226; Association des amis d&#039;Evologia","robots":{"index":"index","follow":"follow","max-snippet":"max-snippet:-1","max-image-preview":"max-image-preview:large","max-video-preview":"max-video-preview:-1"},"canonical":"https:\/\/www.pro-evologia.ch\/?page_id=1269","og_locale":"fr_FR","og_type":"article","og_title":"Les Jardins Musicaux 2016 &#8226; Association des amis d&#039;Evologia","og_description":"CONCERTS, SPECTACLES, BAL(L)ADES ET ATELIERS Quarante repr\u00e9sentations d\u2019un format \u00abune heure sans entracte\u00bb sont \u00e0 d\u00e9couvrir du 12 au 28 ao\u00fbt au Festival des Jardins Musicaux. Comme \u00e0 son habitude, le festival se d\u00e9roule dans plusieurs lieux: l\u2019embl\u00e9matique Grange aux Concerts de Cernier (CH), la Saline royale d\u2019Arc-et-Senans (F), le Parc r\u00e9gional Chasseral (CH) et ... Read more","og_url":"https:\/\/www.pro-evologia.ch\/?page_id=1269","og_site_name":"Association des amis d&#039;Evologia","article_publisher":"https:\/\/www.facebook.com\/proevologia","article_modified_time":"2017-06-16T08:21:20+00:00","og_image":[{"url":"https:\/\/www.pro-evologia.ch\/wp-content\/uploads\/2016\/05\/La-Ruee-vers-or.jpg","type":"","width":"","height":""}],"twitter_misc":{"Dur\u00e9e de lecture estim\u00e9e":"2 minutes"},"schema":{"@context":"https:\/\/schema.org","@graph":[{"@type":"WebPage","@id":"https:\/\/www.pro-evologia.ch\/?page_id=1269","url":"https:\/\/www.pro-evologia.ch\/?page_id=1269","name":"Les Jardins Musicaux 2016 &#8226; Association des amis d&#039;Evologia","isPartOf":{"@id":"https:\/\/www.pro-evologia.ch\/#website"},"primaryImageOfPage":{"@id":"https:\/\/www.pro-evologia.ch\/?page_id=1269#primaryimage"},"image":{"@id":"https:\/\/www.pro-evologia.ch\/?page_id=1269#primaryimage"},"thumbnailUrl":"https:\/\/www.pro-evologia.ch\/wp-content\/uploads\/2016\/05\/La-Ruee-vers-or.jpg","datePublished":"2016-05-04T08:10:59+00:00","dateModified":"2017-06-16T08:21:20+00:00","breadcrumb":{"@id":"https:\/\/www.pro-evologia.ch\/?page_id=1269#breadcrumb"},"inLanguage":"fr-FR","potentialAction":[{"@type":"ReadAction","target":["https:\/\/www.pro-evologia.ch\/?page_id=1269"]}]},{"@type":"ImageObject","inLanguage":"fr-FR","@id":"https:\/\/www.pro-evologia.ch\/?page_id=1269#primaryimage","url":"https:\/\/www.pro-evologia.ch\/wp-content\/uploads\/2016\/05\/La-Ruee-vers-or.jpg","contentUrl":"https:\/\/www.pro-evologia.ch\/wp-content\/uploads\/2016\/05\/La-Ruee-vers-or.jpg"},{"@type":"BreadcrumbList","@id":"https:\/\/www.pro-evologia.ch\/?page_id=1269#breadcrumb","itemListElement":[{"@type":"ListItem","position":1,"name":"Accueil","item":"https:\/\/www.pro-evologia.ch\/"},{"@type":"ListItem","position":2,"name":"L&rsquo;Association","item":"https:\/\/www.pro-evologia.ch\/?page_id=33"},{"@type":"ListItem","position":3,"name":"Archives 2016","item":"https:\/\/www.pro-evologia.ch\/?page_id=1339"},{"@type":"ListItem","position":4,"name":"Les Jardins Musicaux 2016"}]},{"@type":"WebSite","@id":"https:\/\/www.pro-evologia.ch\/#website","url":"https:\/\/www.pro-evologia.ch\/","name":"Association des amis d&#039;Evologia","description":"Pro Evologia est  une association \u00e0 but non lucratif qui soutient Evologia","potentialAction":[{"@type":"SearchAction","target":{"@type":"EntryPoint","urlTemplate":"https:\/\/www.pro-evologia.ch\/?s={search_term_string}"},"query-input":{"@type":"PropertyValueSpecification","valueRequired":true,"valueName":"search_term_string"}}],"inLanguage":"fr-FR"}]}},"_links":{"self":[{"href":"https:\/\/www.pro-evologia.ch\/index.php?rest_route=\/wp\/v2\/pages\/1269","targetHints":{"allow":["GET"]}}],"collection":[{"href":"https:\/\/www.pro-evologia.ch\/index.php?rest_route=\/wp\/v2\/pages"}],"about":[{"href":"https:\/\/www.pro-evologia.ch\/index.php?rest_route=\/wp\/v2\/types\/page"}],"author":[{"embeddable":true,"href":"https:\/\/www.pro-evologia.ch\/index.php?rest_route=\/wp\/v2\/users\/1"}],"replies":[{"embeddable":true,"href":"https:\/\/www.pro-evologia.ch\/index.php?rest_route=%2Fwp%2Fv2%2Fcomments&post=1269"}],"version-history":[{"count":0,"href":"https:\/\/www.pro-evologia.ch\/index.php?rest_route=\/wp\/v2\/pages\/1269\/revisions"}],"up":[{"embeddable":true,"href":"https:\/\/www.pro-evologia.ch\/index.php?rest_route=\/wp\/v2\/pages\/1339"}],"wp:attachment":[{"href":"https:\/\/www.pro-evologia.ch\/index.php?rest_route=%2Fwp%2Fv2%2Fmedia&parent=1269"}],"curies":[{"name":"wp","href":"https:\/\/api.w.org\/{rel}","templated":true}]}}