{"id":976,"date":"2015-06-27T17:11:31","date_gmt":"2015-06-27T15:11:31","guid":{"rendered":"http:\/\/www.pro-evologia.ch\/?page_id=976"},"modified":"2015-06-27T17:11:52","modified_gmt":"2015-06-27T15:11:52","slug":"lecoreseau-de-la-brevine","status":"publish","type":"page","link":"http:\/\/www.pro-evologia.ch\/?page_id=976","title":{"rendered":"L\u2019EcoR\u00e9seau de la Br\u00e9vine"},"content":{"rendered":"<h2><strong>Le p\u00e2turage bois\u00e9, paysage embl\u00e9matique du canton\u00a0: l\u2019exemple de l\u2019EcoR\u00e9seau de la Br\u00e9vine<\/strong><\/h2>\n<p>Le p\u00e2turage bois\u00e9 fait partie des paysages typiques de l\u2019arc jurassien. Qui n\u2019est pas all\u00e9 au moins une fois se promener dans ce d\u00e9cor embl\u00e9matique, y d\u00e9guster une tor\u00e9e ou encore y cueillir des champignons une fois l\u2019automne venu\u00a0? Cet \u00e9cosyst\u00e8me, dont la valeur paysag\u00e8re et biologique est largement reconnue, est cependant un milieu particuli\u00e8rement vuln\u00e9rable. Il est en effet le reflet d\u2019un \u00e9quilibre fragile entre la for\u00eat et les milieux ouverts. Ainsi, le b\u00e9tail emp\u00eache, en broutant, que les arbres ne colonisent l\u2019ensemble de la surface. Cependant, \u00e0 contrario, trop de b\u00e9tail ne permettrait pas la r\u00e9g\u00e9n\u00e9ration indispensable des \u00e9l\u00e9ments bois\u00e9s.<\/p>\n<p>Ces milieux sont \u00e0 prot\u00e9ger, car ils font non seulement partie du paysage jurassien, mais \u00e9galement parce qu\u2019ils pr\u00e9sentent une richesse biologique impressionnante. Ainsi ils renferment en leur sein une mosa\u00efque de nombreux milieux dans lesquels animaux et plantes se plaisent beaucoup. Par exemple, le hibou moyen-duc installe son nid en lisi\u00e8re, mais chasse les micromammif\u00e8res dans les milieux ouverts alentours; le pipit des arbres utilise les \u00e9pic\u00e9as isol\u00e9s comme postes de chant, mais niche et se nourrit au sol dans les p\u00e2turages. M\u00eame les murs en pierres s\u00e8ches rec\u00e8lent une forte diversit\u00e9 de plantes aimant la chaleur et les sols pauvres.<\/p>\n<p>Initi\u00e9 il y a un peu moins de 10 ans, l\u2019EcoR\u00e9seau de la Br\u00e9vine prend non seulement en compte les aspects \u00ab\u00a0milieux\u00a0\u00bb et \u00ab\u00a0esp\u00e8ces\u00a0\u00bb, mais int\u00e8gre \u00e9galement la notion de \u00ab\u00a0paysage\u00a0\u00bb en ciblant son action la pr\u00e9servation des p\u00e2turages bois\u00e9s.<\/p>\n<h3><strong>Rapport de renouvellement<\/strong><\/h3>\n<p>Le p\u00e9rim\u00e8tre du r\u00e9seau \u00e9cologique P\u00e2turages bois\u00e9s La Br\u00e9vine couvre 528 ha, dont 278\u00a0ha de SAU (353\u00a0ha avant l&rsquo;\u00e9puration des p\u00e2turages bois\u00e9s en 2009) r\u00e9partis entre 16 exploitations<\/p>\n<p>Le p\u00e9rim\u00e8tre du r\u00e9seau est exploit\u00e9 par 16 agriculteurs (ou communaut\u00e9s d&rsquo;agriculteurs). 14 d&rsquo;entre eux participent au r\u00e9seau alors qu&rsquo;ils n&rsquo;\u00e9taient que 11 en 2009.<\/p>\n<h3><strong>L\u2019EcoR\u00e9seau de la Br\u00e9vine (rapport 2007)<\/strong><\/h3>\n<p>Les p\u00e2turages bois\u00e9s, \u00e9cosyst\u00e8mes caract\u00e9ristiques du Jura \u00e0 l\u2019\u00e9quilibre fragile, sont au centre de nombreux enjeux (PERRENOUD et al. 2003): \u00e9puration de la SAU, biodiversit\u00e9 \u00e9lev\u00e9e et pr\u00e9sence d&rsquo;esp\u00e8ces embl\u00e9matiques, d\u00e9prise des p\u00e2turages \u00e9loign\u00e9s des fermes, intensification des secteurs les plus fertiles, conversion en pr\u00e9s de fauche apr\u00e8s girobroyage, etc.. Ils suscitent des attentes vari\u00e9es et parfois antagonistes dans les milieux de l\u2019\u00e9cologie, de l&rsquo;agriculture, de la sylviculture et du tourisme. Ce premier projet de r\u00e9seau dans le Haut du canton a ainsi pour but de jeter les bases d&rsquo;une exploitation durable de ce type de milieu.<\/p>\n<h3><\/h3>\n<h3><strong>Objectif 1 <\/strong><\/h3>\n<p>Conservation et restauration des communaut\u00e9s animales et v\u00e9g\u00e9tales thermophiles li\u00e9es aux p\u00e2turages secs non bois\u00e9s \u00e0 peu bois\u00e9s<\/p>\n<ul>\n<li><u>esp\u00e8ces cibles<\/u>: orchis bouffon (<em>Orchis morio<\/em>), azur\u00e9 du serpolet (<em>Maculinea arion<\/em>), argus fr\u00eale (<em>Cupido minimus<\/em>), argus bleu nacr\u00e9 (<em>Polyommatus coridon<\/em>), <em>Pyrgus accretus<\/em>, collier de corail (<em>Aricia agestis<\/em>)<em>, <\/em>pie-gri\u00e8che \u00e9corcheur (<em>Lanius collurio<\/em>)<\/li>\n<\/ul>\n<p>La conservation de la richesse faunistique et floristique des PPS (56 ha) est une priorit\u00e9. Or, deux processus d\u00e9favorables sont en cours dans le p\u00e9rim\u00e8tre du projet:<\/p>\n<ul>\n<li>&#8211; De nombreux secteurs de p\u00e2turages <strong>se referment<\/strong>, du fait de l&rsquo;absence d&rsquo;entretien ou d&rsquo;une pression de p\u00e2ture trop faible; l&rsquo;ombrage et le d\u00e9p\u00f4t de liti\u00e8re entra\u00eenent une modification de la composition de la strate herbac\u00e9e, d\u00e9favorable aux esp\u00e8ces du Mesobromion, et plus particuli\u00e8rement aux plantes-h\u00f4tes des esp\u00e8ces cibles (thym serpolet, hippocr\u00e9pide \u00e0 toupet, anthyllide vuln\u00e9raire, h\u00e9lianth\u00e8me nummulaire, potentille du printemps, potentille de Crantz, etc.); la pie-gri\u00e8che \u00e9corcheur peut s&rsquo;installer momentan\u00e9ment dans les p\u00e2turages \u00e0 l&rsquo;abandon parsem\u00e9 de buissons \u00e9pineux.<\/li>\n<li>&#8211; D&rsquo;autres secteurs souffrent d&rsquo;une trop <strong>forte pression de p\u00e2ture <\/strong>et <strong>d&rsquo;engraissement<\/strong>, p\u00e9nalisant les communaut\u00e9s animales et v\u00e9g\u00e9tales li\u00e9es aux p\u00e2turages maigres, notamment par la disparition des plantes-h\u00f4tes des esp\u00e8ces de l\u00e9pidopt\u00e8res les plus exigeantes.<\/li>\n<\/ul>\n<p>Dans l&rsquo;optique d&rsquo;assurer la <strong>fonctionnalit\u00e9 du r\u00e9seau<\/strong>, il est indispensable de conserver et de recr\u00e9er des couloirs d&rsquo;\u00e9changes entre les r\u00e9servoirs de faune et de flore (annexe 8). Par cons\u00e9quent, le projet de r\u00e9seau doit inciter les exploitants \u00e0 rouvrir certains secteurs afin <strong>d&rsquo;assurer les liens entre les r\u00e9servoirs existants<\/strong>.<\/p>\n<p>&nbsp;<\/p>\n<h3><strong>Objectif 2 <\/strong><\/h3>\n<p><strong>Conservation des esp\u00e8ces v\u00e9g\u00e9tales et animales associ\u00e9es aux pelouses sur affleurements rocheux <\/strong><\/p>\n<ul>\n<li><u>esp\u00e8ces cibles<\/u>: cytise rampant (<em>Cytisus decumbens<\/em>), oeillet des chartreux (<em>Dian-thus carthusianorum<\/em>), v\u00e9ronique d&rsquo;Autriche (<em>Veronica austriaca<\/em>), hesp\u00e9rie de l&rsquo;alch\u00e9mille (<em>Pyrgus serratulae<\/em>), t\u00e9trix \u00e0 ailes courtes (<em>Tetrix kraussi<\/em>)<\/li>\n<\/ul>\n<p>Les affleurements rocheux, surtout abondants dans la r\u00e9gion de l&rsquo;Ecrenaz, pr\u00e9sentent une flore et une faune singuli\u00e8re, compos\u00e9e d&rsquo;esp\u00e8ces x\u00e9rothermophiles, souvent rares et localis\u00e9es, tr\u00e8s sensibles \u00e0 la fermeture des milieux (ombrage). Les murs de pierres s\u00e8ches offrent des habitats de substitution pour <em>C. decumbens <\/em>et <em>V. austriaca<\/em>, d\u00e8s lors que leurs abords sont p\u00e2tur\u00e9s extensivement.<\/p>\n<p>Seules 2 stations de <em>C. decumbens <\/em>et 6 stations de <em>V. austriaca <\/em>sont connues dans le p\u00e9rim\u00e8tre. Ces deux plantes sont tr\u00e8s sensibles \u00e0 l&#8217;embuissonnement et ne supportent qu&rsquo;une p\u00e2ture tr\u00e8s extensive.<\/p>\n<p>L&rsquo;objectif du projet consiste \u00e0 <strong>p\u00e9renniser les stations existantes<\/strong>.<\/p>\n<p>&nbsp;<\/p>\n<h3><strong>Objectif 3 <\/strong><\/h3>\n<p><strong>Conservation et restauration de la structure en mosa\u00efque caract\u00e9ristique des p\u00e2turages bois\u00e9s <\/strong><\/p>\n<ul>\n<li><u>esp\u00e8ces cibles<\/u>: knautie de Godet (<em>Knautia godetii<\/em>), grand nacr\u00e9 (<em>Argynnis agla-ja<\/em>), grand collier argent\u00e9 (<em>Boloria euphrosyne<\/em>), moir\u00e9 sylvicole (<em>Erebia aethiops<\/em>), lucine (<em>Hamearis lucina<\/em>), hibou moyen-duc (<em>Asio otus<\/em>), pipit des arbres (<em>Anthus trivialis<\/em>)<\/li>\n<\/ul>\n<p>De nombreuses esp\u00e8ces profitent de la <strong>juxtaposition des milieux bois\u00e9s et herbac\u00e9s <\/strong>offerte par les p\u00e2turages bois\u00e9s. <em>A. aglaja<\/em>, <em>B. euphrosyne<\/em>, <em>E. aethiops <\/em>et <em>H. lucina <\/em>se nourrissent dans les p\u00e2turages maigres riches en fleurs et recherchent leurs plantes-h\u00f4tes dans les ourlets; le hibou moyen-duc installe son nid en lisi\u00e8re, mais chasse les micromammif\u00e8res dans les milieux ouverts alentours; le pipit des arbres utilise les \u00e9pic\u00e9as isol\u00e9s comme postes de chant, mais niche et se nourrit au sol dans les p\u00e2turages; <em>K. godetii <\/em>affectionne les lisi\u00e8res fraiches dans les petites combes expos\u00e9es au nord-ouest.<\/p>\n<p>L&rsquo;abandon ou la sous-exploitation des p\u00e2turages bois\u00e9s entra\u00eene la fermeture du boisement aux d\u00e9pens des milieux herbac\u00e9s, et se solde par la disparition des esp\u00e8ces cibles au profit d&rsquo;esp\u00e8ces strictement foresti\u00e8res.<\/p>\n<p>Pour r\u00e9pondre \u00e0 cet objectif, des <strong>mesures d&rsquo;\u00e9claircies <\/strong>seront propos\u00e9es dans les secteurs les plus propices pour les esp\u00e8ces cibles.<\/p>\n<p>&nbsp;<\/p>\n<h3><strong>Objectif 4 <\/strong><\/h3>\n<p><strong>Favoriser la diversit\u00e9 des esp\u00e8ces ligneuses au sein des p\u00e2turages bois\u00e9s <\/strong><\/p>\n<ul>\n<li><u>esp\u00e8ces cibles<\/u>: grand mars changeant (<em>Apatura iris<\/em>), grand sylvain (<em>Limenitis populi<\/em>), g\u00e9linotte des bois (<em>Bonasa bonasia<\/em>)<\/li>\n<\/ul>\n<p>La conservation de <strong>ligneux \u00e0 bois tendre <\/strong>est favorable \u00e0 deux l\u00e9pidopt\u00e8res embl\u00e9matiques (observ\u00e9s dans le p\u00e9rim\u00e8tre \u00e0 la fin des ann\u00e9es 1980, non retrouv\u00e9s en 2001, mais potentiellement pr\u00e9sents). Le grand mars et le grand sylvain affectionnent les lisi\u00e8res m\u00e9sophiles, dans lesquelles ils trouvent leur plante-h\u00f4te (des saules marsault de taille moyenne pour le premier, des trembles rabougris pour le second). Les m\u00e2les et femelles des deux esp\u00e8ces se retrouvent sur des \u00e9pic\u00e9as dominants pour s&rsquo;accoupler.<\/p>\n<p>Le r\u00e9gime alimentaire de la g\u00e9linotte varie au cours de l&rsquo;ann\u00e9e. Au printemps, elle affectionne les bourgeons de myrtilles, de noisetiers, de saules et de h\u00eatres. En automne, elle se gave de fruits (myrtilles, framboises) et de baies (sorbiers, aub\u00e9pines, sureau rouge). L&rsquo;hiver, la g\u00e9linotte se nourrit surtout des bourgeons du sorbier des oiseleurs et de l&rsquo;alisier blanc, et des baies d&rsquo;\u00e9glantiers.<\/p>\n<p>Les mesures sylvicoles devront tenir compte des exigences \u00e9cologiques de ces esp\u00e8ces cibles, non seulement dans les SCE, mais \u00e9galement sur l&rsquo;ensemble du p\u00e9rim\u00e8tre du projet.<\/p>\n<h3><\/h3>\n<h3><strong>Objectif 5 <\/strong><\/h3>\n<p><strong>Restauration de clairi\u00e8res dans les secteurs de bois p\u00e2tur\u00e9s <\/strong><\/p>\n<ul>\n<li><u>esp\u00e8ces cibles<\/u>: g\u00e9linotte des bois (<em>Bonasa bonasia<\/em>), b\u00e9casse des bois (<em>Scolopax rusticola<\/em>), chev\u00eachette d&rsquo;Europe (<em>Glaucidium passerinum<\/em>)<\/li>\n<\/ul>\n<p>La g\u00e9linotte, la b\u00e9casse et la chev\u00eachette affectionnent les <strong>for\u00eats riches en petites clairi\u00e8res<\/strong>. La g\u00e9linotte exploite les clairi\u00e8res tout au long de son cycle annuel: parades, nourrissage avant la ponte, \u00e9levage des jeunes, nourrissage et abri hivernal. Elle utilise un perchoir nocturne situ\u00e9 \u00e0 proximit\u00e9 des lieux d&rsquo;alimentation, compos\u00e9 d&rsquo;un bosquet dense d&rsquo;\u00e9pic\u00e9as de taille moyenne (MULHAUSER, 2003).<\/p>\n<p>La b\u00e9casse et la chev\u00eachette visitent \u00e9galement r\u00e9guli\u00e8rement les clairi\u00e8res en p\u00e9riode de reproduction (croule et chant) et pour la recherche de nourriture.<\/p>\n<p>Cet objectif s&rsquo;applique \u00e0 l&rsquo;ensemble du p\u00e9rim\u00e8tre du projet, y compris aux secteurs forestiers situ\u00e9s hors de la SAU. L&rsquo;\u00e9troite collaboration mise en place avec le service des for\u00eats est garante de la concr\u00e9tisation de cet objectif.<\/p>\n","protected":false},"excerpt":{"rendered":"<p>Le p\u00e2turage bois\u00e9, paysage embl\u00e9matique du canton\u00a0: l\u2019exemple de l\u2019EcoR\u00e9seau de la Br\u00e9vine Le p\u00e2turage bois\u00e9 fait partie des paysages typiques de l\u2019arc jurassien. Qui n\u2019est pas all\u00e9 au moins une fois se promener dans ce d\u00e9cor embl\u00e9matique, y d\u00e9guster une tor\u00e9e ou encore y cueillir des champignons une fois l\u2019automne venu\u00a0? Cet \u00e9cosyst\u00e8me, dont &#8230; <a title=\"L\u2019EcoR\u00e9seau de la Br\u00e9vine\" class=\"read-more\" href=\"http:\/\/www.pro-evologia.ch\/?page_id=976\" aria-label=\"En savoir plus sur L\u2019EcoR\u00e9seau de la Br\u00e9vine\">Read more<\/a><\/p>\n","protected":false},"author":1,"featured_media":0,"parent":814,"menu_order":2,"comment_status":"closed","ping_status":"closed","template":"","meta":{"ngg_post_thumbnail":0,"generate_page_header":"","footnotes":""},"class_list":["post-976","page","type-page","status-publish"],"yoast_head":"<!-- This site is optimized with the Yoast SEO plugin v27.5 - https:\/\/yoast.com\/product\/yoast-seo-wordpress\/ -->\n<title>L\u2019EcoR\u00e9seau de la Br\u00e9vine &#8226; Association des amis d&#039;Evologia<\/title>\n<meta name=\"robots\" content=\"index, follow, max-snippet:-1, max-image-preview:large, max-video-preview:-1\" \/>\n<link rel=\"canonical\" href=\"https:\/\/www.pro-evologia.ch\/?page_id=976\" \/>\n<meta property=\"og:locale\" content=\"fr_FR\" \/>\n<meta property=\"og:type\" content=\"article\" \/>\n<meta property=\"og:title\" content=\"L\u2019EcoR\u00e9seau de la Br\u00e9vine &#8226; Association des amis d&#039;Evologia\" \/>\n<meta property=\"og:description\" content=\"Le p\u00e2turage bois\u00e9, paysage embl\u00e9matique du canton\u00a0: l\u2019exemple de l\u2019EcoR\u00e9seau de la Br\u00e9vine Le p\u00e2turage bois\u00e9 fait partie des paysages typiques de l\u2019arc jurassien. Qui n\u2019est pas all\u00e9 au moins une fois se promener dans ce d\u00e9cor embl\u00e9matique, y d\u00e9guster une tor\u00e9e ou encore y cueillir des champignons une fois l\u2019automne venu\u00a0? Cet \u00e9cosyst\u00e8me, dont ... Read more\" \/>\n<meta property=\"og:url\" content=\"https:\/\/www.pro-evologia.ch\/?page_id=976\" \/>\n<meta property=\"og:site_name\" content=\"Association des amis d&#039;Evologia\" \/>\n<meta property=\"article:publisher\" content=\"https:\/\/www.facebook.com\/proevologia\" \/>\n<meta property=\"article:modified_time\" content=\"2015-06-27T15:11:52+00:00\" \/>\n<meta property=\"og:image\" content=\"http:\/\/www.pro-evologia.ch\/wp-content\/uploads\/2015\/01\/Entete.jpg\" \/>\n\t<meta property=\"og:image:width\" content=\"640\" \/>\n\t<meta property=\"og:image:height\" content=\"167\" \/>\n\t<meta property=\"og:image:type\" content=\"image\/jpeg\" \/>\n<meta name=\"twitter:label1\" content=\"Dur\u00e9e de lecture estim\u00e9e\" \/>\n\t<meta name=\"twitter:data1\" content=\"8 minutes\" \/>\n<script type=\"application\/ld+json\" class=\"yoast-schema-graph\">{\"@context\":\"https:\\\/\\\/schema.org\",\"@graph\":[{\"@type\":\"WebPage\",\"@id\":\"https:\\\/\\\/www.pro-evologia.ch\\\/?page_id=976\",\"url\":\"https:\\\/\\\/www.pro-evologia.ch\\\/?page_id=976\",\"name\":\"L\u2019EcoR\u00e9seau de la Br\u00e9vine &#8226; Association des amis d&#039;Evologia\",\"isPartOf\":{\"@id\":\"https:\\\/\\\/www.pro-evologia.ch\\\/#website\"},\"datePublished\":\"2015-06-27T15:11:31+00:00\",\"dateModified\":\"2015-06-27T15:11:52+00:00\",\"breadcrumb\":{\"@id\":\"https:\\\/\\\/www.pro-evologia.ch\\\/?page_id=976#breadcrumb\"},\"inLanguage\":\"fr-FR\",\"potentialAction\":[{\"@type\":\"ReadAction\",\"target\":[\"https:\\\/\\\/www.pro-evologia.ch\\\/?page_id=976\"]}]},{\"@type\":\"BreadcrumbList\",\"@id\":\"https:\\\/\\\/www.pro-evologia.ch\\\/?page_id=976#breadcrumb\",\"itemListElement\":[{\"@type\":\"ListItem\",\"position\":1,\"name\":\"Accueil\",\"item\":\"https:\\\/\\\/www.pro-evologia.ch\\\/\"},{\"@type\":\"ListItem\",\"position\":2,\"name\":\"L&rsquo;Association\",\"item\":\"http:\\\/\\\/www.pro-evologia.ch\\\/?page_id=33\"},{\"@type\":\"ListItem\",\"position\":3,\"name\":\"Archives 2015\",\"item\":\"http:\\\/\\\/www.pro-evologia.ch\\\/?page_id=1147\"},{\"@type\":\"ListItem\",\"position\":4,\"name\":\"Exposition 2015 \u00ab\u00a0Eco-r\u00e9seaux &#038; Paysages au Val-de-Ruz\u00a0\u00bb\",\"item\":\"http:\\\/\\\/www.pro-evologia.ch\\\/?page_id=60\"},{\"@type\":\"ListItem\",\"position\":5,\"name\":\"Panneaux de l&rsquo;exposition\",\"item\":\"http:\\\/\\\/www.pro-evologia.ch\\\/?page_id=810\"},{\"@type\":\"ListItem\",\"position\":6,\"name\":\"Panneaux \u00ab\u00a0EcoR\u00e9seau\u00a0\u00bb\",\"item\":\"http:\\\/\\\/www.pro-evologia.ch\\\/?page_id=814\"},{\"@type\":\"ListItem\",\"position\":7,\"name\":\"L\u2019EcoR\u00e9seau de la Br\u00e9vine\"}]},{\"@type\":\"WebSite\",\"@id\":\"https:\\\/\\\/www.pro-evologia.ch\\\/#website\",\"url\":\"https:\\\/\\\/www.pro-evologia.ch\\\/\",\"name\":\"Association des amis d&#039;Evologia\",\"description\":\"Pro Evologia est  une association \u00e0 but non lucratif qui soutient Evologia\",\"potentialAction\":[{\"@type\":\"SearchAction\",\"target\":{\"@type\":\"EntryPoint\",\"urlTemplate\":\"https:\\\/\\\/www.pro-evologia.ch\\\/?s={search_term_string}\"},\"query-input\":{\"@type\":\"PropertyValueSpecification\",\"valueRequired\":true,\"valueName\":\"search_term_string\"}}],\"inLanguage\":\"fr-FR\"}]}<\/script>\n<!-- \/ Yoast SEO plugin. -->","yoast_head_json":{"title":"L\u2019EcoR\u00e9seau de la Br\u00e9vine &#8226; Association des amis d&#039;Evologia","robots":{"index":"index","follow":"follow","max-snippet":"max-snippet:-1","max-image-preview":"max-image-preview:large","max-video-preview":"max-video-preview:-1"},"canonical":"https:\/\/www.pro-evologia.ch\/?page_id=976","og_locale":"fr_FR","og_type":"article","og_title":"L\u2019EcoR\u00e9seau de la Br\u00e9vine &#8226; Association des amis d&#039;Evologia","og_description":"Le p\u00e2turage bois\u00e9, paysage embl\u00e9matique du canton\u00a0: l\u2019exemple de l\u2019EcoR\u00e9seau de la Br\u00e9vine Le p\u00e2turage bois\u00e9 fait partie des paysages typiques de l\u2019arc jurassien. Qui n\u2019est pas all\u00e9 au moins une fois se promener dans ce d\u00e9cor embl\u00e9matique, y d\u00e9guster une tor\u00e9e ou encore y cueillir des champignons une fois l\u2019automne venu\u00a0? Cet \u00e9cosyst\u00e8me, dont ... Read more","og_url":"https:\/\/www.pro-evologia.ch\/?page_id=976","og_site_name":"Association des amis d&#039;Evologia","article_publisher":"https:\/\/www.facebook.com\/proevologia","article_modified_time":"2015-06-27T15:11:52+00:00","og_image":[{"width":640,"height":167,"url":"http:\/\/www.pro-evologia.ch\/wp-content\/uploads\/2015\/01\/Entete.jpg","type":"image\/jpeg"}],"twitter_misc":{"Dur\u00e9e de lecture estim\u00e9e":"8 minutes"},"schema":{"@context":"https:\/\/schema.org","@graph":[{"@type":"WebPage","@id":"https:\/\/www.pro-evologia.ch\/?page_id=976","url":"https:\/\/www.pro-evologia.ch\/?page_id=976","name":"L\u2019EcoR\u00e9seau de la Br\u00e9vine &#8226; Association des amis d&#039;Evologia","isPartOf":{"@id":"https:\/\/www.pro-evologia.ch\/#website"},"datePublished":"2015-06-27T15:11:31+00:00","dateModified":"2015-06-27T15:11:52+00:00","breadcrumb":{"@id":"https:\/\/www.pro-evologia.ch\/?page_id=976#breadcrumb"},"inLanguage":"fr-FR","potentialAction":[{"@type":"ReadAction","target":["https:\/\/www.pro-evologia.ch\/?page_id=976"]}]},{"@type":"BreadcrumbList","@id":"https:\/\/www.pro-evologia.ch\/?page_id=976#breadcrumb","itemListElement":[{"@type":"ListItem","position":1,"name":"Accueil","item":"https:\/\/www.pro-evologia.ch\/"},{"@type":"ListItem","position":2,"name":"L&rsquo;Association","item":"http:\/\/www.pro-evologia.ch\/?page_id=33"},{"@type":"ListItem","position":3,"name":"Archives 2015","item":"http:\/\/www.pro-evologia.ch\/?page_id=1147"},{"@type":"ListItem","position":4,"name":"Exposition 2015 \u00ab\u00a0Eco-r\u00e9seaux &#038; Paysages au Val-de-Ruz\u00a0\u00bb","item":"http:\/\/www.pro-evologia.ch\/?page_id=60"},{"@type":"ListItem","position":5,"name":"Panneaux de l&rsquo;exposition","item":"http:\/\/www.pro-evologia.ch\/?page_id=810"},{"@type":"ListItem","position":6,"name":"Panneaux \u00ab\u00a0EcoR\u00e9seau\u00a0\u00bb","item":"http:\/\/www.pro-evologia.ch\/?page_id=814"},{"@type":"ListItem","position":7,"name":"L\u2019EcoR\u00e9seau de la Br\u00e9vine"}]},{"@type":"WebSite","@id":"https:\/\/www.pro-evologia.ch\/#website","url":"https:\/\/www.pro-evologia.ch\/","name":"Association des amis d&#039;Evologia","description":"Pro Evologia est  une association \u00e0 but non lucratif qui soutient Evologia","potentialAction":[{"@type":"SearchAction","target":{"@type":"EntryPoint","urlTemplate":"https:\/\/www.pro-evologia.ch\/?s={search_term_string}"},"query-input":{"@type":"PropertyValueSpecification","valueRequired":true,"valueName":"search_term_string"}}],"inLanguage":"fr-FR"}]}},"_links":{"self":[{"href":"http:\/\/www.pro-evologia.ch\/index.php?rest_route=\/wp\/v2\/pages\/976","targetHints":{"allow":["GET"]}}],"collection":[{"href":"http:\/\/www.pro-evologia.ch\/index.php?rest_route=\/wp\/v2\/pages"}],"about":[{"href":"http:\/\/www.pro-evologia.ch\/index.php?rest_route=\/wp\/v2\/types\/page"}],"author":[{"embeddable":true,"href":"http:\/\/www.pro-evologia.ch\/index.php?rest_route=\/wp\/v2\/users\/1"}],"replies":[{"embeddable":true,"href":"http:\/\/www.pro-evologia.ch\/index.php?rest_route=%2Fwp%2Fv2%2Fcomments&post=976"}],"version-history":[{"count":0,"href":"http:\/\/www.pro-evologia.ch\/index.php?rest_route=\/wp\/v2\/pages\/976\/revisions"}],"up":[{"embeddable":true,"href":"http:\/\/www.pro-evologia.ch\/index.php?rest_route=\/wp\/v2\/pages\/814"}],"wp:attachment":[{"href":"http:\/\/www.pro-evologia.ch\/index.php?rest_route=%2Fwp%2Fv2%2Fmedia&parent=976"}],"curies":[{"name":"wp","href":"https:\/\/api.w.org\/{rel}","templated":true}]}}