{"id":198,"date":"2015-01-21T16:29:50","date_gmt":"2015-01-21T15:29:50","guid":{"rendered":"http:\/\/www.pro-evologia.ch\/?page_id=198"},"modified":"2024-10-10T13:10:21","modified_gmt":"2024-10-10T11:10:21","slug":"plan-du-site","status":"publish","type":"page","link":"http:\/\/www.pro-evologia.ch\/?page_id=198","title":{"rendered":"Plan du site"},"content":{"rendered":"<p><strong><div class=\"wsp-container\"><h2 class=\"wsp-pages-title\">Pages<\/h2>\n<ul class=\"wsp-pages-list\">\n<li class=\"page_item page-item-3472\"><a href=\"http:\/\/www.pro-evologia.ch\/?page_id=3472\">Concours photo 2026<\/a><\/li>\n<li class=\"page_item page-item-31\"><a href=\"http:\/\/www.pro-evologia.ch\/\">Accueil<\/a><\/li>\n<li class=\"page_item page-item-1243\"><a href=\"http:\/\/www.pro-evologia.ch\/?page_id=1243\">Prochain \u00e9v\u00e9nement<\/a><\/li>\n<li class=\"page_item page-item-2000 page_item_has_children\"><a href=\"http:\/\/www.pro-evologia.ch\/?page_id=2000\">Nos projets<\/a>\n<ul class='children'>\n\t<li class=\"page_item page-item-2015\"><a href=\"http:\/\/www.pro-evologia.ch\/?page_id=2015\">La Fleur bor\u00e9ale<\/a><\/li>\n\t<li class=\"page_item page-item-1383 page_item_has_children\"><a href=\"http:\/\/www.pro-evologia.ch\/?page_id=1383\">Projet Permaculture<\/a>\n\t<ul class='children'>\n\t\t<li class=\"page_item page-item-1819\"><a href=\"http:\/\/www.pro-evologia.ch\/?page_id=1819\">Le projet \u00abPermaculture\u00bb \u00e0 Evologia<\/a><\/li>\n\t\t<li class=\"page_item page-item-1822\"><a href=\"http:\/\/www.pro-evologia.ch\/?page_id=1822\">Les \u00e9l\u00e9ments du projet<\/a><\/li>\n\t\t<li class=\"page_item page-item-1958\"><a href=\"http:\/\/www.pro-evologia.ch\/?page_id=1958\">30 \u00e9l\u00e9ments &#8211; verger de la permaculture<\/a><\/li>\n\t<\/ul>\n<\/li>\n\t<li class=\"page_item page-item-1521 page_item_has_children\"><a href=\"http:\/\/www.pro-evologia.ch\/?page_id=1521\">Projet Pruneau de Ch\u00e9zard<\/a>\n\t<ul class='children'>\n\t\t<li class=\"page_item page-item-2583\"><a href=\"http:\/\/www.pro-evologia.ch\/?page_id=2583\">Film Pruneau de Ch\u00e9zard<\/a><\/li>\n\t<\/ul>\n<\/li>\n\t<li class=\"page_item page-item-2656 page_item_has_children\"><a href=\"http:\/\/www.pro-evologia.ch\/?page_id=2656\">Biodiversit\u00e9<\/a>\n\t<ul class='children'>\n\t\t<li class=\"page_item page-item-2765\"><a href=\"http:\/\/www.pro-evologia.ch\/?page_id=2765\">\u00c9l\u00e9ments de la biodiversit\u00e9<\/a><\/li>\n\t<\/ul>\n<\/li>\n\t<li class=\"page_item page-item-2961\"><a href=\"http:\/\/www.pro-evologia.ch\/?page_id=2961\">La Voix\/e des Arbres<\/a><\/li>\n\t<li class=\"page_item page-item-3376\"><a href=\"http:\/\/www.pro-evologia.ch\/?page_id=3376\">Projets 2026<\/a><\/li>\n<\/ul>\n<\/li>\n<li class=\"page_item page-item-1329 page_item_has_children\"><a href=\"http:\/\/www.pro-evologia.ch\/?page_id=1329\">M\u00e9dias<\/a>\n<ul class='children'>\n\t<li class=\"page_item page-item-3336\"><a href=\"http:\/\/www.pro-evologia.ch\/?page_id=3336\">Vid\u00e9oth\u00e8que<\/a><\/li>\n\t<li class=\"page_item page-item-2265\"><a href=\"http:\/\/www.pro-evologia.ch\/?page_id=2265\">Historique de \u00a0\u00bb F\u00eate la Terre \u00ab\u00a0<\/a><\/li>\n<\/ul>\n<\/li>\n<li class=\"page_item page-item-33 page_item_has_children\"><a href=\"http:\/\/www.pro-evologia.ch\/?page_id=33\">L&rsquo;Association<\/a>\n<ul class='children'>\n\t<li class=\"page_item page-item-40\"><a href=\"http:\/\/www.pro-evologia.ch\/?page_id=40\">Devenir membre de l&rsquo;Association Pro Evologia<\/a><\/li>\n\t<li class=\"page_item page-item-234\"><a href=\"http:\/\/www.pro-evologia.ch\/?page_id=234\">Organigramme<\/a><\/li>\n\t<li class=\"page_item page-item-3430\"><a href=\"http:\/\/www.pro-evologia.ch\/?page_id=3430\">Charte Grandeur nature<\/a><\/li>\n\t<li class=\"page_item page-item-3352\"><a href=\"http:\/\/www.pro-evologia.ch\/?page_id=3352\">Archives 2025<\/a><\/li>\n\t<li class=\"page_item page-item-42 page_item_has_children\"><a href=\"http:\/\/www.pro-evologia.ch\/?page_id=42\">Archives 2024<\/a>\n\t<ul class='children'>\n\t\t<li class=\"page_item page-item-2937\"><a href=\"http:\/\/www.pro-evologia.ch\/?page_id=2937\">F\u00eate la Terre 2024<\/a><\/li>\n\t\t<li class=\"page_item page-item-3269\"><a href=\"http:\/\/www.pro-evologia.ch\/?page_id=3269\">Saison 2024<\/a><\/li>\n\t<\/ul>\n<\/li>\n\t<li class=\"page_item page-item-1680\"><a href=\"http:\/\/www.pro-evologia.ch\/?page_id=1680\">Inscription \u00e0 la F\u00eate du pruneau<\/a><\/li>\n\t<li class=\"page_item page-item-2535 page_item_has_children\"><a href=\"http:\/\/www.pro-evologia.ch\/?page_id=2535\">Archives 2023<\/a>\n\t<ul class='children'>\n\t\t<li class=\"page_item page-item-2931\"><a href=\"http:\/\/www.pro-evologia.ch\/?page_id=2931\">F\u00eate la Terre 2023<\/a><\/li>\n\t<\/ul>\n<\/li>\n\t<li class=\"page_item page-item-2542 page_item_has_children\"><a href=\"http:\/\/www.pro-evologia.ch\/?page_id=2542\">Archives 2022<\/a>\n\t<ul class='children'>\n\t\t<li class=\"page_item page-item-1670\"><a href=\"http:\/\/www.pro-evologia.ch\/?page_id=1670\">Prime matin\u00e9e 2022<\/a><\/li>\n\t\t<li class=\"page_item page-item-2516\"><a href=\"http:\/\/www.pro-evologia.ch\/?page_id=2516\">F\u00eate la Terre 2022<\/a><\/li>\n\t<\/ul>\n<\/li>\n\t<li class=\"page_item page-item-2482\"><a href=\"http:\/\/www.pro-evologia.ch\/?page_id=2482\">Archives 2021<\/a><\/li>\n\t<li class=\"page_item page-item-2387\"><a href=\"http:\/\/www.pro-evologia.ch\/?page_id=2387\">Archives 2020<\/a><\/li>\n\t<li class=\"page_item page-item-2292 page_item_has_children\"><a href=\"http:\/\/www.pro-evologia.ch\/?page_id=2292\">Archives 2019<\/a>\n\t<ul class='children'>\n\t\t<li class=\"page_item page-item-1871\"><a href=\"http:\/\/www.pro-evologia.ch\/?page_id=1871\">F\u00eate la Terre 2019<\/a><\/li>\n\t\t<li class=\"page_item page-item-2573\"><a href=\"http:\/\/www.pro-evologia.ch\/?page_id=2573\">Les animaux se d\u00e9placent<\/a><\/li>\n\t<\/ul>\n<\/li>\n\t<li class=\"page_item page-item-1812 page_item_has_children\"><a href=\"http:\/\/www.pro-evologia.ch\/?page_id=1812\">Archives 2018<\/a>\n\t<ul class='children'>\n\t\t<li class=\"page_item page-item-1633\"><a href=\"http:\/\/www.pro-evologia.ch\/?page_id=1633\">F\u00eate la Terre 2018<\/a><\/li>\n\t<\/ul>\n<\/li>\n\t<li class=\"page_item page-item-1618 page_item_has_children\"><a href=\"http:\/\/www.pro-evologia.ch\/?page_id=1618\">Archives 2017<\/a>\n\t<ul class='children'>\n\t\t<li class=\"page_item page-item-1488\"><a href=\"http:\/\/www.pro-evologia.ch\/?page_id=1488\">Un \u00e9t\u00e9 \u00e0 Evologia en 2017<\/a><\/li>\n\t\t<li class=\"page_item page-item-1446\"><a href=\"http:\/\/www.pro-evologia.ch\/?page_id=1446\">F\u00eate la terre 2017<\/a><\/li>\n\t\t<li class=\"page_item page-item-1433\"><a href=\"http:\/\/www.pro-evologia.ch\/?page_id=1433\">Concours de peinture \u00ab La for\u00eat et nous \u00bb<\/a><\/li>\n\t<\/ul>\n<\/li>\n\t<li class=\"page_item page-item-1339 page_item_has_children\"><a href=\"http:\/\/www.pro-evologia.ch\/?page_id=1339\">Archives 2016<\/a>\n\t<ul class='children'>\n\t\t<li class=\"page_item page-item-1310\"><a href=\"http:\/\/www.pro-evologia.ch\/?page_id=1310\">Exposition \u00ab\u00a0Cloches d\u2019ici et d\u2019ailleurs\u00a0\u00bb<\/a><\/li>\n\t\t<li class=\"page_item page-item-1261\"><a href=\"http:\/\/www.pro-evologia.ch\/?page_id=1261\">F\u00eate la Terre 2016<\/a><\/li>\n\t\t<li class=\"page_item page-item-1205\"><a href=\"http:\/\/www.pro-evologia.ch\/?page_id=1205\">F\u00eate la Terre &#8211; d\u00e9j\u00e0 20 ans<\/a><\/li>\n\t\t<li class=\"page_item page-item-1269\"><a href=\"http:\/\/www.pro-evologia.ch\/?page_id=1269\">Les Jardins Musicaux 2016<\/a><\/li>\n\t<\/ul>\n<\/li>\n\t<li class=\"page_item page-item-1147 page_item_has_children\"><a href=\"http:\/\/www.pro-evologia.ch\/?page_id=1147\">Archives 2015<\/a>\n\t<ul class='children'>\n\t\t<li class=\"page_item page-item-589\"><a href=\"http:\/\/www.pro-evologia.ch\/?page_id=589\">2015 &#8211; Un \u00e9t\u00e9 \u00e0 Cernier<\/a><\/li>\n\t\t<li class=\"page_item page-item-1019\"><a href=\"http:\/\/www.pro-evologia.ch\/?page_id=1019\">Estivage 2015<\/a><\/li>\n\t\t<li class=\"page_item page-item-1051\"><a href=\"http:\/\/www.pro-evologia.ch\/?page_id=1051\">Les Jardins Musicaux 2015<\/a><\/li>\n\t\t<li class=\"page_item page-item-1047\"><a href=\"http:\/\/www.pro-evologia.ch\/?page_id=1047\">Les jardins Extraordinaires 2015<\/a><\/li>\n\t\t<li class=\"page_item page-item-60 page_item_has_children\"><a href=\"http:\/\/www.pro-evologia.ch\/?page_id=60\">Exposition 2015 \u00ab\u00a0Eco-r\u00e9seaux &#038; Paysages au Val-de-Ruz\u00a0\u00bb<\/a>\n\t\t<ul class='children'>\n\t\t\t<li class=\"page_item page-item-523\"><a href=\"http:\/\/www.pro-evologia.ch\/?page_id=523\">Paysages automnaux<\/a><\/li>\n\t\t\t<li class=\"page_item page-item-810 page_item_has_children\"><a href=\"http:\/\/www.pro-evologia.ch\/?page_id=810\">Panneaux de l&rsquo;exposition<\/a>\n\t\t\t<ul class='children'>\n\t\t\t\t<li class=\"page_item page-item-842\"><a href=\"http:\/\/www.pro-evologia.ch\/?page_id=842\">Panneaux \u00ab\u00a0Politique agricole, Biodiversit\u00e9 &#038; Paysage\u00a0\u00bb<\/a><\/li>\n\t\t\t\t<li class=\"page_item page-item-844\"><a href=\"http:\/\/www.pro-evologia.ch\/?page_id=844\">Panneaux \u00ab\u00a0Contributions \u00e0 la qualit\u00e9 du paysage\u00a0\u00bb<\/a><\/li>\n\t\t\t\t<li class=\"page_item page-item-814 page_item_has_children\"><a href=\"http:\/\/www.pro-evologia.ch\/?page_id=814\">Panneaux \u00ab\u00a0EcoR\u00e9seau\u00a0\u00bb<\/a>\n\t\t\t\t<ul class='children'>\n\t\t\t\t\t<li class=\"page_item page-item-981\"><a href=\"http:\/\/www.pro-evologia.ch\/?page_id=981\">Le Val-de-Ruz, une r\u00e9gion pionni\u00e8re<\/a><\/li>\n\t\t\t\t\t<li class=\"page_item page-item-976\"><a href=\"http:\/\/www.pro-evologia.ch\/?page_id=976\">L\u2019EcoR\u00e9seau de la Br\u00e9vine<\/a><\/li>\n\t\t\t\t<\/ul>\n<\/li>\n\t\t\t\t<li class=\"page_item page-item-816 page_item_has_children\"><a href=\"http:\/\/www.pro-evologia.ch\/?page_id=816\">Panneaux \u00ab\u00a0L&rsquo;eau\u00a0\u00bb<\/a>\n\t\t\t\t<ul class='children'>\n\t\t\t\t\t<li class=\"page_item page-item-990\"><a href=\"http:\/\/www.pro-evologia.ch\/?page_id=990\">L\u2019azur\u00e9 des paluds<\/a><\/li>\n\t\t\t\t\t<li class=\"page_item page-item-995\"><a href=\"http:\/\/www.pro-evologia.ch\/?page_id=995\">Fritillaire Pintade<\/a><\/li>\n\t\t\t\t<\/ul>\n<\/li>\n\t\t\t\t<li class=\"page_item page-item-818\"><a href=\"http:\/\/www.pro-evologia.ch\/?page_id=818\">Panneaux \u00ab\u00a0Les cultures\u00a0\u00bb<\/a><\/li>\n\t\t\t\t<li class=\"page_item page-item-822\"><a href=\"http:\/\/www.pro-evologia.ch\/?page_id=822\">Panneaux \u00ab\u00a0Les arbres\u00a0\u00bb<\/a><\/li>\n\t\t\t\t<li class=\"page_item page-item-832\"><a href=\"http:\/\/www.pro-evologia.ch\/?page_id=832\">Panneau \u00ab\u00a0Film\u00a0\u00bb<\/a><\/li>\n\t\t\t<\/ul>\n<\/li>\n\t\t\t<li class=\"page_item page-item-1086 page_item_has_children\"><a href=\"http:\/\/www.pro-evologia.ch\/?page_id=1086\">Animations vid\u00e9os de l&rsquo;Exposition 2015<\/a>\n\t\t\t<ul class='children'>\n\t\t\t\t<li class=\"page_item page-item-1125\"><a href=\"http:\/\/www.pro-evologia.ch\/?page_id=1125\">Souscription DVD des vid\u00e9os de l&rsquo;Exposition 2015<\/a><\/li>\n\t\t\t<\/ul>\n<\/li>\n\t\t\t<li class=\"page_item page-item-314 page_item_has_children\"><a href=\"http:\/\/www.pro-evologia.ch\/?page_id=314\">Diaporamas de paysages au Val-de-Ruz par saisons<\/a>\n\t\t\t<ul class='children'>\n\t\t\t\t<li class=\"page_item page-item-418\"><a href=\"http:\/\/www.pro-evologia.ch\/?page_id=418\">Paysages de printemps<\/a><\/li>\n\t\t\t\t<li class=\"page_item page-item-386\"><a href=\"http:\/\/www.pro-evologia.ch\/?page_id=386\">Paysages d&rsquo;\u00e9t\u00e9<\/a><\/li>\n\t\t\t\t<li class=\"page_item page-item-263\"><a href=\"http:\/\/www.pro-evologia.ch\/?page_id=263\">Paysages d&rsquo;automne<\/a><\/li>\n\t\t\t\t<li class=\"page_item page-item-351\"><a href=\"http:\/\/www.pro-evologia.ch\/?page_id=351\">Paysages d&rsquo;hiver<\/a><\/li>\n\t\t\t<\/ul>\n<\/li>\n\t\t\t<li class=\"page_item page-item-78\"><a href=\"http:\/\/www.pro-evologia.ch\/?page_id=78\">Concours de dessins<\/a><\/li>\n\t\t<\/ul>\n<\/li>\n\t<\/ul>\n<\/li>\n\t<li class=\"page_item page-item-44\"><a href=\"http:\/\/www.pro-evologia.ch\/?page_id=44\">Archives 2014<\/a><\/li>\n<\/ul>\n<\/li>\n<li class=\"page_item page-item-62\"><a href=\"http:\/\/www.pro-evologia.ch\/?page_id=62\">Contacts<\/a><\/li>\n<li class=\"page_item page-item-198\"><a href=\"http:\/\/www.pro-evologia.ch\/?page_id=198\">Plan du site<\/a><\/li>\n<\/ul>\n<\/div><\/strong><\/p>\n","protected":false},"excerpt":{"rendered":"","protected":false},"author":1,"featured_media":0,"parent":0,"menu_order":8,"comment_status":"closed","ping_status":"closed","template":"","meta":{"ngg_post_thumbnail":0,"generate_page_header":"","footnotes":""},"class_list":["post-198","page","type-page","status-publish"],"yoast_head":"<!-- This site is optimized with the Yoast SEO plugin v27.5 - https:\/\/yoast.com\/product\/yoast-seo-wordpress\/ -->\n<title>Plan du site &#8226; Association des amis d&#039;Evologia<\/title>\n<meta name=\"robots\" content=\"index, follow, max-snippet:-1, max-image-preview:large, max-video-preview:-1\" \/>\n<link rel=\"canonical\" href=\"http:\/\/www.pro-evologia.ch\/?page_id=198\" \/>\n<meta property=\"og:locale\" content=\"fr_FR\" \/>\n<meta property=\"og:type\" content=\"article\" \/>\n<meta property=\"og:title\" content=\"Plan du site &#8226; Association des amis d&#039;Evologia\" \/>\n<meta property=\"og:url\" content=\"http:\/\/www.pro-evologia.ch\/?page_id=198\" \/>\n<meta property=\"og:site_name\" content=\"Association des amis d&#039;Evologia\" \/>\n<meta property=\"article:publisher\" content=\"https:\/\/www.facebook.com\/proevologia\" \/>\n<meta property=\"article:modified_time\" content=\"2024-10-10T11:10:21+00:00\" \/>\n<meta property=\"og:image\" content=\"http:\/\/www.pro-evologia.ch\/wp-content\/uploads\/2015\/01\/Entete.jpg\" \/>\n\t<meta property=\"og:image:width\" content=\"640\" \/>\n\t<meta property=\"og:image:height\" content=\"167\" \/>\n\t<meta property=\"og:image:type\" content=\"image\/jpeg\" \/>\n<meta name=\"twitter:label1\" content=\"Dur\u00e9e de lecture estim\u00e9e\" \/>\n\t<meta name=\"twitter:data1\" content=\"1 minute\" \/>\n<script type=\"application\/ld+json\" class=\"yoast-schema-graph\">{\"@context\":\"https:\\\/\\\/schema.org\",\"@graph\":[{\"@type\":\"WebPage\",\"@id\":\"http:\\\/\\\/www.pro-evologia.ch\\\/?page_id=198\",\"url\":\"http:\\\/\\\/www.pro-evologia.ch\\\/?page_id=198\",\"name\":\"Plan du site &#8226; Association des amis d&#039;Evologia\",\"isPartOf\":{\"@id\":\"https:\\\/\\\/www.pro-evologia.ch\\\/#website\"},\"datePublished\":\"2015-01-21T15:29:50+00:00\",\"dateModified\":\"2024-10-10T11:10:21+00:00\",\"breadcrumb\":{\"@id\":\"http:\\\/\\\/www.pro-evologia.ch\\\/?page_id=198#breadcrumb\"},\"inLanguage\":\"fr-FR\",\"potentialAction\":[{\"@type\":\"ReadAction\",\"target\":[\"http:\\\/\\\/www.pro-evologia.ch\\\/?page_id=198\"]}]},{\"@type\":\"BreadcrumbList\",\"@id\":\"http:\\\/\\\/www.pro-evologia.ch\\\/?page_id=198#breadcrumb\",\"itemListElement\":[{\"@type\":\"ListItem\",\"position\":1,\"name\":\"Accueil\",\"item\":\"https:\\\/\\\/www.pro-evologia.ch\\\/\"},{\"@type\":\"ListItem\",\"position\":2,\"name\":\"Plan du site\"}]},{\"@type\":\"WebSite\",\"@id\":\"https:\\\/\\\/www.pro-evologia.ch\\\/#website\",\"url\":\"https:\\\/\\\/www.pro-evologia.ch\\\/\",\"name\":\"Association des amis d&#039;Evologia\",\"description\":\"Pro Evologia est  une association \u00e0 but non lucratif qui soutient Evologia\",\"potentialAction\":[{\"@type\":\"SearchAction\",\"target\":{\"@type\":\"EntryPoint\",\"urlTemplate\":\"https:\\\/\\\/www.pro-evologia.ch\\\/?s={search_term_string}\"},\"query-input\":{\"@type\":\"PropertyValueSpecification\",\"valueRequired\":true,\"valueName\":\"search_term_string\"}}],\"inLanguage\":\"fr-FR\"}]}<\/script>\n<!-- \/ Yoast SEO plugin. -->","yoast_head_json":{"title":"Plan du site &#8226; Association des amis d&#039;Evologia","robots":{"index":"index","follow":"follow","max-snippet":"max-snippet:-1","max-image-preview":"max-image-preview:large","max-video-preview":"max-video-preview:-1"},"canonical":"http:\/\/www.pro-evologia.ch\/?page_id=198","og_locale":"fr_FR","og_type":"article","og_title":"Plan du site &#8226; Association des amis d&#039;Evologia","og_url":"http:\/\/www.pro-evologia.ch\/?page_id=198","og_site_name":"Association des amis d&#039;Evologia","article_publisher":"https:\/\/www.facebook.com\/proevologia","article_modified_time":"2024-10-10T11:10:21+00:00","og_image":[{"width":640,"height":167,"url":"http:\/\/www.pro-evologia.ch\/wp-content\/uploads\/2015\/01\/Entete.jpg","type":"image\/jpeg"}],"twitter_misc":{"Dur\u00e9e de lecture estim\u00e9e":"1 minute"},"schema":{"@context":"https:\/\/schema.org","@graph":[{"@type":"WebPage","@id":"http:\/\/www.pro-evologia.ch\/?page_id=198","url":"http:\/\/www.pro-evologia.ch\/?page_id=198","name":"Plan du site &#8226; Association des amis d&#039;Evologia","isPartOf":{"@id":"https:\/\/www.pro-evologia.ch\/#website"},"datePublished":"2015-01-21T15:29:50+00:00","dateModified":"2024-10-10T11:10:21+00:00","breadcrumb":{"@id":"http:\/\/www.pro-evologia.ch\/?page_id=198#breadcrumb"},"inLanguage":"fr-FR","potentialAction":[{"@type":"ReadAction","target":["http:\/\/www.pro-evologia.ch\/?page_id=198"]}]},{"@type":"BreadcrumbList","@id":"http:\/\/www.pro-evologia.ch\/?page_id=198#breadcrumb","itemListElement":[{"@type":"ListItem","position":1,"name":"Accueil","item":"https:\/\/www.pro-evologia.ch\/"},{"@type":"ListItem","position":2,"name":"Plan du site"}]},{"@type":"WebSite","@id":"https:\/\/www.pro-evologia.ch\/#website","url":"https:\/\/www.pro-evologia.ch\/","name":"Association des amis d&#039;Evologia","description":"Pro Evologia est  une association \u00e0 but non lucratif qui soutient Evologia","potentialAction":[{"@type":"SearchAction","target":{"@type":"EntryPoint","urlTemplate":"https:\/\/www.pro-evologia.ch\/?s={search_term_string}"},"query-input":{"@type":"PropertyValueSpecification","valueRequired":true,"valueName":"search_term_string"}}],"inLanguage":"fr-FR"}]}},"_links":{"self":[{"href":"http:\/\/www.pro-evologia.ch\/index.php?rest_route=\/wp\/v2\/pages\/198","targetHints":{"allow":["GET"]}}],"collection":[{"href":"http:\/\/www.pro-evologia.ch\/index.php?rest_route=\/wp\/v2\/pages"}],"about":[{"href":"http:\/\/www.pro-evologia.ch\/index.php?rest_route=\/wp\/v2\/types\/page"}],"author":[{"embeddable":true,"href":"http:\/\/www.pro-evologia.ch\/index.php?rest_route=\/wp\/v2\/users\/1"}],"replies":[{"embeddable":true,"href":"http:\/\/www.pro-evologia.ch\/index.php?rest_route=%2Fwp%2Fv2%2Fcomments&post=198"}],"version-history":[{"count":1,"href":"http:\/\/www.pro-evologia.ch\/index.php?rest_route=\/wp\/v2\/pages\/198\/revisions"}],"predecessor-version":[{"id":3299,"href":"http:\/\/www.pro-evologia.ch\/index.php?rest_route=\/wp\/v2\/pages\/198\/revisions\/3299"}],"wp:attachment":[{"href":"http:\/\/www.pro-evologia.ch\/index.php?rest_route=%2Fwp%2Fv2%2Fmedia&parent=198"}],"curies":[{"name":"wp","href":"https:\/\/api.w.org\/{rel}","templated":true}]}}